{"id":3848,"date":"2025-01-15T10:51:51","date_gmt":"2025-01-15T09:51:51","guid":{"rendered":"https:\/\/www.gefleflytt.se\/?page_id=3848"},"modified":"2026-01-13T15:01:53","modified_gmt":"2026-01-13T14:01:53","slug":"forrad-gavle","status":"publish","type":"page","link":"https:\/\/www.gefleflytt.se\/en\/forrad-gavle\/","title":{"rendered":"F\u00f6rr\u00e5d G\u00e4vle"},"content":{"rendered":"<div data-elementor-type=\"wp-page\" data-elementor-id=\"3848\" class=\"elementor elementor-3848\" wpc-filter-elementor-widget=\"1\" data-elementor-post-type=\"page\">\n\t\t\t\t<div class=\"elementor-element elementor-element-9bb11a2 e-flex e-con-boxed e-con e-parent\" data-id=\"9bb11a2\" data-element_type=\"container\" data-e-type=\"container\" data-settings=\"{&quot;background_background&quot;:&quot;classic&quot;}\">\n\t\t\t\t\t<div class=\"e-con-inner\">\n\t\t<div class=\"elementor-element elementor-element-62f5ee2 e-con-full e-flex e-con e-child\" data-id=\"62f5ee2\" data-element_type=\"container\" data-e-type=\"container\">\n\t\t\t\t<div class=\"elementor-element elementor-element-4c5d067 elementor-widget elementor-widget-menu-anchor\" data-id=\"4c5d067\" data-element_type=\"widget\" data-e-type=\"widget\" data-widget_type=\"menu-anchor.default\">\n\t\t\t\t<div class=\"elementor-widget-container\">\n\t\t\t\t\t\t\t<div class=\"elementor-menu-anchor\" id=\"extraman\"><\/div>\n\t\t\t\t\t\t<\/div>\n\t\t\t\t<\/div>\n\t\t\t\t<div class=\"elementor-element elementor-element-2634fed elementor-widget elementor-widget-heading\" data-id=\"2634fed\" data-element_type=\"widget\" data-e-type=\"widget\" data-widget_type=\"heading.default\">\n\t\t\t\t<div class=\"elementor-widget-container\">\n\t\t\t\t\t<h1 class=\"elementor-heading-title elementor-size-default\">S\u00e4ker och flexibel f\u00f6rr\u00e5dshantering i G\u00e4vle.<\/h1>\t\t\t\t<\/div>\n\t\t\t\t<\/div>\n\t\t\t\t<div class=\"elementor-element elementor-element-facc38d elementor-widget elementor-widget-text-editor\" data-id=\"facc38d\" data-element_type=\"widget\" data-e-type=\"widget\" data-widget_type=\"text-editor.default\">\n\t\t\t\t<div class=\"elementor-widget-container\">\n\t\t\t\t\t\t\t\t\t<p>Att hitta r\u00e4tt f\u00f6rr\u00e5d i G\u00e4vle kan vara en utmaning, men hos Gefleborgs Flyttservice erbjuder vi l\u00f6sningar som passar dina behov. V\u00e5r expertis inom flytt och f\u00f6rvaring s\u00e4kerst\u00e4ller att dina \u00e4godelar hanteras med st\u00f6rsta omsorg och professionalism. Vi f\u00f6rst\u00e5r vikten av trygg och s\u00e4ker f\u00f6rvaring, s\u00e4rskilt n\u00e4r du beh\u00f6ver extra utrymme under en flytt eller renovering.<\/p><p>V\u00e5ra f\u00f6rr\u00e5d i G\u00e4vle \u00e4r utformade f\u00f6r att ge maximal s\u00e4kerhet och tillg\u00e4nglighet. Med moderna s\u00e4kerhetssystem kan du vara s\u00e4ker p\u00e5 att dina tillh\u00f6righeter \u00e4r i trygga h\u00e4nder. Vi erbjuder flexibla hyresavtal som g\u00f6r det enkelt att anpassa f\u00f6rvaringen efter dina specifika behov, oavsett om det handlar om kort- eller l\u00e5ngsiktig f\u00f6rvaring.<\/p><p>Som auktoriserade av Sveriges M\u00f6beltransport\u00f6rers F\u00f6rbund, SMF, garanterar vi att alla v\u00e5ra tj\u00e4nster, inklusive f\u00f6rr\u00e5dshantering, uppfyller de h\u00f6gsta standarderna f\u00f6r kvalitet och s\u00e4kerhet. V\u00e5ra medarbetare \u00e4r v\u00e4lutbildade inom packm\u00e4steri och s\u00e4ker hantering, vilket ger dig trygghet i att ditt bohag hanteras av proffs.<\/p><p>Vi str\u00e4var efter att erbjuda h\u00e5llbara l\u00f6sningar, d\u00e4r milj\u00f6 och arbetsmilj\u00f6 st\u00e5r i fokus. Genom kontinuerlig utbildning och utveckling s\u00e4kerst\u00e4ller vi att v\u00e5ra tj\u00e4nster inte bara \u00e4r effektiva utan ocks\u00e5 milj\u00f6v\u00e4nliga. V\u00e5rt engagemang f\u00f6r h\u00e5llbarhet inneb\u00e4r att vi alltid s\u00f6ker nya s\u00e4tt att f\u00f6rb\u00e4ttra och anpassa v\u00e5ra tj\u00e4nster f\u00f6r att m\u00f6ta framtidens krav.<\/p><p>V\u00e4lj oss f\u00f6r dina f\u00f6rvaringsbehov i G\u00e4vle och upplev skillnaden med en partner som s\u00e4tter service, kvalitet och trygghet i f\u00f6rsta rummet.<\/p>\t\t\t\t\t\t\t\t<\/div>\n\t\t\t\t<\/div>\n\t\t\t\t<div class=\"elementor-element elementor-element-60c1d3d elementor-widget elementor-widget-heading\" data-id=\"60c1d3d\" data-element_type=\"widget\" data-e-type=\"widget\" data-widget_type=\"heading.default\">\n\t\t\t\t<div class=\"elementor-widget-container\">\n\t\t\t\t\t<h2 class=\"elementor-heading-title elementor-size-default\">Optimal f\u00f6rr\u00e5dshantering i G\u00e4vle<\/h2>\t\t\t\t<\/div>\n\t\t\t\t<\/div>\n\t\t\t\t<div class=\"elementor-element elementor-element-52aedae elementor-widget elementor-widget-text-editor\" data-id=\"52aedae\" data-element_type=\"widget\" data-e-type=\"widget\" data-widget_type=\"text-editor.default\">\n\t\t\t\t<div class=\"elementor-widget-container\">\n\t\t\t\t\t\t\t\t\t<p>Att hitta ett passande f\u00f6rr\u00e5d i G\u00e4vle kan vara en utmaning, men vi erbjuder l\u00f6sningar som \u00e4r skr\u00e4ddarsydda f\u00f6r dina behov. Med v\u00e5r expertis inom flytt och f\u00f6rvaring kan du vara s\u00e4ker p\u00e5 att dina \u00e4godelar hanteras med st\u00f6rsta omsorg och professionalism. Vi f\u00f6rst\u00e5r vikten av trygg och s\u00e4ker f\u00f6rvaring, s\u00e4rskilt n\u00e4r du beh\u00f6ver extra utrymme under en flytt eller renovering. V\u00e5ra f\u00f6rr\u00e5d i G\u00e4vle \u00e4r designade f\u00f6r att ge maximal s\u00e4kerhet och tillg\u00e4nglighet. Med moderna s\u00e4kerhetssystem kan du k\u00e4nna dig trygg med att dina tillh\u00f6righeter \u00e4r i s\u00e4kra h\u00e4nder. Vi erbjuder flexibla hyresavtal som g\u00f6r det enkelt att anpassa f\u00f6rvaringen efter dina specifika behov, oavsett om det handlar om kort- eller l\u00e5ngsiktig f\u00f6rvaring. Som auktoriserade av Sveriges M\u00f6beltransport\u00f6rers F\u00f6rbund, SMF, garanterar vi att alla v\u00e5ra tj\u00e4nster, inklusive f\u00f6rr\u00e5dshantering, uppfyller de h\u00f6gsta standarderna f\u00f6r kvalitet och s\u00e4kerhet. V\u00e5ra medarbetare \u00e4r v\u00e4lutbildade inom packm\u00e4steri och s\u00e4ker hantering, vilket ger dig trygghet i att ditt bohag hanteras av proffs. Vi str\u00e4var efter att erbjuda h\u00e5llbara l\u00f6sningar, d\u00e4r milj\u00f6 och arbetsmilj\u00f6 st\u00e5r i fokus. Genom kontinuerlig utbildning och utveckling s\u00e4kerst\u00e4ller vi att v\u00e5ra tj\u00e4nster inte bara \u00e4r effektiva utan ocks\u00e5 milj\u00f6v\u00e4nliga. V\u00e5rt engagemang f\u00f6r h\u00e5llbarhet inneb\u00e4r att vi alltid s\u00f6ker nya s\u00e4tt att f\u00f6rb\u00e4ttra och anpassa v\u00e5ra tj\u00e4nster f\u00f6r att m\u00f6ta framtidens krav. V\u00e4lj Gefleborgs Flyttservice\u00a0f\u00f6r dina f\u00f6rvaringsbehov i G\u00e4vle och upplev skillnaden med en partner som s\u00e4tter service, kvalitet och trygghet i f\u00f6rsta rummet.<\/p>\t\t\t\t\t\t\t\t<\/div>\n\t\t\t\t<\/div>\n\t\t\t\t<div class=\"elementor-element elementor-element-690b63e elementor-widget elementor-widget-heading\" data-id=\"690b63e\" data-element_type=\"widget\" data-e-type=\"widget\" data-widget_type=\"heading.default\">\n\t\t\t\t<div class=\"elementor-widget-container\">\n\t\t\t\t\t<h3 class=\"elementor-heading-title elementor-size-default\">Skr\u00e4ddarsydda f\u00f6rr\u00e5dsl\u00f6sningar i G\u00e4vle<\/h3>\t\t\t\t<\/div>\n\t\t\t\t<\/div>\n\t\t\t\t<div class=\"elementor-element elementor-element-02c2426 elementor-widget elementor-widget-text-editor\" data-id=\"02c2426\" data-element_type=\"widget\" data-e-type=\"widget\" data-widget_type=\"text-editor.default\">\n\t\t\t\t<div class=\"elementor-widget-container\">\n\t\t\t\t\t\t\t\t\t<p>Uppt\u00e4ck v\u00e5ra skr\u00e4ddarsydda f\u00f6rr\u00e5dsl\u00f6sningar i G\u00e4vle som \u00e4r utformade f\u00f6r att m\u00f6ta dina specifika behov. Oavsett om du beh\u00f6ver extra utrymme under en flytt eller renovering, erbjuder vi flexibla hyresavtal som g\u00f6r det enkelt att anpassa f\u00f6rvaringen. V\u00e5ra moderna s\u00e4kerhetssystem garanterar att dina \u00e4godelar \u00e4r i trygga h\u00e4nder. Med v\u00e5r expertis inom flytt och f\u00f6rvaring kan du lita p\u00e5 att dina tillh\u00f6righeter hanteras med st\u00f6rsta omsorg och professionalism. V\u00e4lj Gefleborgs Flyttservice\u00a0f\u00f6r en trygg och s\u00e4ker f\u00f6rvaring i G\u00e4vle.<\/p>\t\t\t\t\t\t\t\t<\/div>\n\t\t\t\t<\/div>\n\t\t\t\t<div class=\"elementor-element elementor-element-2ddd676 elementor-widget elementor-widget-heading\" data-id=\"2ddd676\" data-element_type=\"widget\" data-e-type=\"widget\" data-widget_type=\"heading.default\">\n\t\t\t\t<div class=\"elementor-widget-container\">\n\t\t\t\t\t<h3 class=\"elementor-heading-title elementor-size-default\">F\u00f6rr\u00e5d G\u00e4vle \u2013 trygg och flexibel f\u00f6rvaring f\u00f6r alla behov<\/h3>\t\t\t\t<\/div>\n\t\t\t\t<\/div>\n\t\t\t\t<div class=\"elementor-element elementor-element-f9727e2 elementor-widget elementor-widget-text-editor\" data-id=\"f9727e2\" data-element_type=\"widget\" data-e-type=\"widget\" data-widget_type=\"text-editor.default\">\n\t\t\t\t<div class=\"elementor-widget-container\">\n\t\t\t\t\t\t\t\t\t<p>Beh\u00f6ver du extra utrymme i G\u00e4vle? Med f\u00f6rr\u00e5d fr\u00e5n Gefleborgs Flyttservice f\u00e5r du en s\u00e4ker och flexibel l\u00f6sning som passar b\u00e5de vid flytt, renovering eller n\u00e4r du bara vill frig\u00f6ra plats hemma. V\u00e5ra f\u00f6rr\u00e5d i G\u00e4vle \u00e4r utrustade med moderna s\u00e4kerhetssystem och du kan v\u00e4lja mellan kort- eller l\u00e5ngsiktiga hyresavtal.<\/p><p>Vi \u00e4r auktoriserade av SMF och v\u00e5ra utbildade medarbetare hanterar dina \u00e4godelar med st\u00f6rsta omsorg. V\u00e4lj en h\u00e5llbar och trygg f\u00f6rvaringsl\u00f6sning d\u00e4r service och kvalitet alltid st\u00e5r i fokus.<\/p>\t\t\t\t\t\t\t\t<\/div>\n\t\t\t\t<\/div>\n\t\t\t\t<div class=\"elementor-element elementor-element-3111803 elementor-widget elementor-widget-image\" data-id=\"3111803\" data-element_type=\"widget\" data-e-type=\"widget\" data-widget_type=\"image.default\">\n\t\t\t\t<div class=\"elementor-widget-container\">\n\t\t\t\t\t\t\t\t\t\t\t\t\t\t\t<img fetchpriority=\"high\" decoding=\"async\" width=\"800\" height=\"534\" src=\"https:\/\/www.gefleflytt.se\/wp-content\/uploads\/2025\/08\/storage-secure-modern-1024x683.webp\" class=\"attachment-large size-large wp-image-5030\" alt=\"Moderna och s\u00e4kra f\u00f6rr\u00e5dsl\u00f6sningar i G\u00e4vle med SMF-auktorisation hos Gefleborgs Flyttservice.\" srcset=\"https:\/\/www.gefleflytt.se\/wp-content\/uploads\/2025\/08\/storage-secure-modern-1024x683.webp 1024w, https:\/\/www.gefleflytt.se\/wp-content\/uploads\/2025\/08\/storage-secure-modern-300x200.webp 300w, https:\/\/www.gefleflytt.se\/wp-content\/uploads\/2025\/08\/storage-secure-modern-768x512.webp 768w, https:\/\/www.gefleflytt.se\/wp-content\/uploads\/2025\/08\/storage-secure-modern-1536x1024.webp 1536w, https:\/\/www.gefleflytt.se\/wp-content\/uploads\/2025\/08\/storage-secure-modern-600x400.webp 600w, https:\/\/www.gefleflytt.se\/wp-content\/uploads\/2025\/08\/storage-secure-modern.webp 1920w\" sizes=\"(max-width: 800px) 100vw, 800px\" \/>\t\t\t\t\t\t\t\t\t\t\t\t\t\t\t<\/div>\n\t\t\t\t<\/div>\n\t\t\t\t<div class=\"elementor-element elementor-element-93e7566 elementor-widget elementor-widget-heading\" data-id=\"93e7566\" data-element_type=\"widget\" data-e-type=\"widget\" data-widget_type=\"heading.default\">\n\t\t\t\t<div class=\"elementor-widget-container\">\n\t\t\t\t\t<h2 class=\"elementor-heading-title elementor-size-default\">F\u00e5 en smidig flyttupplevelse med r\u00e4tt hj\u00e4lp och magasinering<\/h2>\t\t\t\t<\/div>\n\t\t\t\t<\/div>\n\t\t\t\t<div class=\"elementor-element elementor-element-d74d10c elementor-widget elementor-widget-text-editor\" data-id=\"d74d10c\" data-element_type=\"widget\" data-e-type=\"widget\" data-widget_type=\"text-editor.default\">\n\t\t\t\t<div class=\"elementor-widget-container\">\n\t\t\t\t\t\t\t\t\t<p>Att genomf\u00f6ra en flytt i G\u00e4vle blir mycket enklare n\u00e4r du har tillg\u00e5ng till r\u00e4tt tj\u00e4nster och resurser. Med professionell\u00a0<a href=\"https:\/\/www.gefleflytt.se\/en\/flytthjalp-gavle\/\"><span style=\"text-decoration: underline;\">flytthj\u00e4lp i G\u00e4vle<\/span><\/a>\u00a0g\u00e5r hela processen snabbt och smidigt, oavsett om du flyttar inom staden eller till en ny ort.<\/p><p>Det finns ocks\u00e5 s\u00e4ker och flexibel\u00a0<a href=\"https:\/\/www.gefleflytt.se\/en\/magasinering-gavle\/\"><span style=\"text-decoration: underline;\">magasinering i G\u00e4vle<\/span><\/a>\u00a0f\u00f6r dig som beh\u00f6ver extra utrymme under flytten eller vill f\u00f6rvara dina tillh\u00f6righeter p\u00e5 ett tryggt s\u00e4tt. Med erfarenhet och anpassade l\u00f6sningar kan du k\u00e4nna dig trygg genom hela flytten.<\/p>\t\t\t\t\t\t\t\t<\/div>\n\t\t\t\t<\/div>\n\t\t\t\t<div class=\"elementor-element elementor-element-aa6f42d elementor-widget elementor-widget-heading\" data-id=\"aa6f42d\" data-element_type=\"widget\" data-e-type=\"widget\" data-widget_type=\"heading.default\">\n\t\t\t\t<div class=\"elementor-widget-container\">\n\t\t\t\t\t<h2 class=\"elementor-heading-title elementor-size-default\">S\u00e5 v\u00e4ljer du r\u00e4tt f\u00f6rr\u00e5d i G\u00e4vle f\u00f6r dina behov<\/h2>\t\t\t\t<\/div>\n\t\t\t\t<\/div>\n\t\t\t\t<div class=\"elementor-element elementor-element-673588e elementor-widget elementor-widget-text-editor\" data-id=\"673588e\" data-element_type=\"widget\" data-e-type=\"widget\" data-widget_type=\"text-editor.default\">\n\t\t\t\t<div class=\"elementor-widget-container\">\n\t\t\t\t\t\t\t\t\t<p>Att hitta det perfekta f\u00f6rr\u00e5det i G\u00e4vle handlar om att f\u00f6rst\u00e5 dina unika f\u00f6rvaringsbehov. Oavsett om du beh\u00f6ver magasinering vid flytt, renovering eller bara vill skapa mer plats hemma finns det l\u00f6sningar som kan skr\u00e4ddarsys efter din situation. Det \u00e4r viktigt att t\u00e4nka p\u00e5 s\u00e4kerhet, tillg\u00e4nglighet och flexibilitet n\u00e4r du v\u00e4ljer f\u00f6rr\u00e5d.&nbsp;<\/p><p>Erfaren personal kan hj\u00e4lpa dig att v\u00e4lja r\u00e4tt storlek och ge r\u00e5d kring packning och hantering. Med moderna s\u00e4kerhetssystem och flexibla hyresavtal kan du k\u00e4nna dig trygg under hela f\u00f6rvaringstiden. V\u00e4lj ett f\u00f6rr\u00e5d d\u00e4r b\u00e5de milj\u00f6 och service st\u00e5r i centrum. P\u00e5 s\u00e5 s\u00e4tt f\u00e5r du en smidig och s\u00e4ker f\u00f6rvaring i G\u00e4vle.<\/p>\t\t\t\t\t\t\t\t<\/div>\n\t\t\t\t<\/div>\n\t\t\t\t<div class=\"elementor-element elementor-element-110c417 elementor-widget elementor-widget-heading\" data-id=\"110c417\" data-element_type=\"widget\" data-e-type=\"widget\" data-widget_type=\"heading.default\">\n\t\t\t\t<div class=\"elementor-widget-container\">\n\t\t\t\t\t<h2 class=\"elementor-heading-title elementor-size-default\">Sammanfattning<\/h2>\t\t\t\t<\/div>\n\t\t\t\t<\/div>\n\t\t\t\t<div class=\"elementor-element elementor-element-29a6e6d elementor-widget elementor-widget-text-editor\" data-id=\"29a6e6d\" data-element_type=\"widget\" data-e-type=\"widget\" data-widget_type=\"text-editor.default\">\n\t\t\t\t<div class=\"elementor-widget-container\">\n\t\t\t\t\t\t\t\t\t<p>Gefleborgs Flyttservice erbjuder s\u00e4kra och flexibla f\u00f6rr\u00e5dsl\u00f6sningar i G\u00e4vle f\u00f6r b\u00e5de kortoch l\u00e5ngtidsf\u00f6rvaring. Med moderna s\u00e4kerhetssystem och auktorisation fr\u00e5n SMF garanteras h\u00f6gsta kvalitet och trygghet f\u00f6r dina \u00e4godelar. F\u00f6retaget har utbildad personal som hanterar ditt bohag professionellt och med omsorg.&nbsp;<\/p><p>F\u00f6rr\u00e5den \u00e4r anpassningsbara efter dina behov, oavsett om det g\u00e4ller flytt, renovering eller extra utrymme hemma. H\u00e5llbarhet och milj\u00f6 \u00e4r i fokus, med st\u00e4ndiga f\u00f6rb\u00e4ttringar f\u00f6r att erbjuda effektiva och milj\u00f6v\u00e4nliga tj\u00e4nster. V\u00e4lj Gefleborgs Flyttservice f\u00f6r trygg och professionell f\u00f6rvaring i G\u00e4vle.<\/p>\t\t\t\t\t\t\t\t<\/div>\n\t\t\t\t<\/div>\n\t\t\t\t<div class=\"elementor-element elementor-element-075e7f0 elementor-widget elementor-widget-heading\" data-id=\"075e7f0\" data-element_type=\"widget\" data-e-type=\"widget\" data-widget_type=\"heading.default\">\n\t\t\t\t<div class=\"elementor-widget-container\">\n\t\t\t\t\t<h3 class=\"elementor-heading-title elementor-size-default\">Fr\u00e5gor &amp; Svar<\/h3>\t\t\t\t<\/div>\n\t\t\t\t<\/div>\n\t\t\t\t<div class=\"elementor-element elementor-element-74e746c elementor-widget elementor-widget-n-accordion\" data-id=\"74e746c\" data-element_type=\"widget\" data-e-type=\"widget\" data-settings=\"{&quot;default_state&quot;:&quot;expanded&quot;,&quot;max_items_expended&quot;:&quot;one&quot;,&quot;n_accordion_animation_duration&quot;:{&quot;unit&quot;:&quot;ms&quot;,&quot;size&quot;:400,&quot;sizes&quot;:[]}}\" data-widget_type=\"nested-accordion.default\">\n\t\t\t\t<div class=\"elementor-widget-container\">\n\t\t\t\t\t\t\t<div class=\"e-n-accordion\" aria-label=\"Accordion. Open links with Enter or Space, close with Escape, and navigate with Arrow Keys\">\n\t\t\t\t\t\t<details id=\"e-n-accordion-item-1220\" class=\"e-n-accordion-item\" open>\n\t\t\t\t<summary class=\"e-n-accordion-item-title\" data-accordion-index=\"1\" tabindex=\"0\" aria-expanded=\"true\" aria-controls=\"e-n-accordion-item-1220\" >\n\t\t\t\t\t<span class='e-n-accordion-item-title-header'><div class=\"e-n-accordion-item-title-text\"> Hur hittar jag ett s\u00e4kert och flexibelt f\u00f6rr\u00e5d i G\u00e4vle? <\/div><\/span>\n\t\t\t\t\t\t\t<span class='e-n-accordion-item-title-icon'>\n\t\t\t<span class='e-opened' ><i aria-hidden=\"true\" class=\"fas fa-minus\"><\/i><\/span>\n\t\t\t<span class='e-closed'><i aria-hidden=\"true\" class=\"fas fa-plus\"><\/i><\/span>\n\t\t<\/span>\n\n\t\t\t\t\t\t<\/summary>\n\t\t\t\t<div role=\"region\" aria-labelledby=\"e-n-accordion-item-1220\" class=\"elementor-element elementor-element-d087619 e-con-full e-flex e-con e-child\" data-id=\"d087619\" data-element_type=\"container\" data-e-type=\"container\">\n\t\t\t\t<div class=\"elementor-element elementor-element-7336dda elementor-widget elementor-widget-text-editor\" data-id=\"7336dda\" data-element_type=\"widget\" data-e-type=\"widget\" data-widget_type=\"text-editor.default\">\n\t\t\t\t<div class=\"elementor-widget-container\">\n\t\t\t\t\t\t\t\t\t<p>Att hitta ett s\u00e4kert och flexibelt f\u00f6rr\u00e5d i G\u00e4vle \u00e4r enkelt med Gefleborgs Flyttservice. De erbjuder moderna f\u00f6rr\u00e5dsl\u00f6sningar med h\u00f6g s\u00e4kerhet och flexibla hyresavtal som kan anpassas efter b\u00e5de kort- och l\u00e5ngsiktiga behov, oavsett om det g\u00e4ller flytt eller renovering.<\/p>\t\t\t\t\t\t\t\t<\/div>\n\t\t\t\t<\/div>\n\t\t\t\t<\/div>\n\t\t\t\t\t<\/details>\n\t\t\t\t\t\t<details id=\"e-n-accordion-item-1221\" class=\"e-n-accordion-item\" >\n\t\t\t\t<summary class=\"e-n-accordion-item-title\" data-accordion-index=\"2\" tabindex=\"-1\" aria-expanded=\"false\" aria-controls=\"e-n-accordion-item-1221\" >\n\t\t\t\t\t<span class='e-n-accordion-item-title-header'><div class=\"e-n-accordion-item-title-text\"> Vilka s\u00e4kerhets\u00e5tg\u00e4rder finns f\u00f6r f\u00f6rr\u00e5d i G\u00e4vle? <\/div><\/span>\n\t\t\t\t\t\t\t<span class='e-n-accordion-item-title-icon'>\n\t\t\t<span class='e-opened' ><i aria-hidden=\"true\" class=\"fas fa-minus\"><\/i><\/span>\n\t\t\t<span class='e-closed'><i aria-hidden=\"true\" class=\"fas fa-plus\"><\/i><\/span>\n\t\t<\/span>\n\n\t\t\t\t\t\t<\/summary>\n\t\t\t\t<div role=\"region\" aria-labelledby=\"e-n-accordion-item-1221\" class=\"elementor-element elementor-element-b01e082 e-con-full e-flex e-con e-child\" data-id=\"b01e082\" data-element_type=\"container\" data-e-type=\"container\">\n\t\t\t\t<div class=\"elementor-element elementor-element-fc6f347 elementor-widget elementor-widget-text-editor\" data-id=\"fc6f347\" data-element_type=\"widget\" data-e-type=\"widget\" data-widget_type=\"text-editor.default\">\n\t\t\t\t<div class=\"elementor-widget-container\">\n\t\t\t\t\t\t\t\t\t<p>F\u00f6rr\u00e5d i G\u00e4vle hos Gefleborgs Flyttservice \u00e4r utrustade med moderna s\u00e4kerhetssystem f\u00f6r att skydda dina \u00e4godelar. Medarbetarna \u00e4r v\u00e4lutbildade inom s\u00e4ker hantering och packm\u00e4steri, vilket garanterar att ditt bohag alltid \u00e4r i trygga h\u00e4nder.<\/p>\t\t\t\t\t\t\t\t<\/div>\n\t\t\t\t<\/div>\n\t\t\t\t<\/div>\n\t\t\t\t\t<\/details>\n\t\t\t\t\t\t<details id=\"e-n-accordion-item-1222\" class=\"e-n-accordion-item\" >\n\t\t\t\t<summary class=\"e-n-accordion-item-title\" data-accordion-index=\"3\" tabindex=\"-1\" aria-expanded=\"false\" aria-controls=\"e-n-accordion-item-1222\" >\n\t\t\t\t\t<span class='e-n-accordion-item-title-header'><div class=\"e-n-accordion-item-title-text\"> Vad inneb\u00e4r det att f\u00f6rr\u00e5dstj\u00e4nster \u00e4r auktoriserade av SMF? <\/div><\/span>\n\t\t\t\t\t\t\t<span class='e-n-accordion-item-title-icon'>\n\t\t\t<span class='e-opened' ><i aria-hidden=\"true\" class=\"fas fa-minus\"><\/i><\/span>\n\t\t\t<span class='e-closed'><i aria-hidden=\"true\" class=\"fas fa-plus\"><\/i><\/span>\n\t\t<\/span>\n\n\t\t\t\t\t\t<\/summary>\n\t\t\t\t<div role=\"region\" aria-labelledby=\"e-n-accordion-item-1222\" class=\"elementor-element elementor-element-2566ced e-con-full e-flex e-con e-child\" data-id=\"2566ced\" data-element_type=\"container\" data-e-type=\"container\">\n\t\t\t\t<div class=\"elementor-element elementor-element-6357d37 elementor-widget elementor-widget-text-editor\" data-id=\"6357d37\" data-element_type=\"widget\" data-e-type=\"widget\" data-widget_type=\"text-editor.default\">\n\t\t\t\t<div class=\"elementor-widget-container\">\n\t\t\t\t\t\t\t\t\t<p>Auktorisation av Sveriges M\u00f6beltransport\u00f6rers F\u00f6rbund, SMF, inneb\u00e4r att f\u00f6rr\u00e5dstj\u00e4nsterna uppfyller h\u00f6ga krav p\u00e5 kvalitet och s\u00e4kerhet. Det garanterar att f\u00f6retaget har r\u00e4tt f\u00f6rs\u00e4kringar, tillst\u00e5nd och utbildad personal f\u00f6r trygg och professionell hantering av dina saker.<\/p>\t\t\t\t\t\t\t\t<\/div>\n\t\t\t\t<\/div>\n\t\t\t\t<\/div>\n\t\t\t\t\t<\/details>\n\t\t\t\t\t\t<details id=\"e-n-accordion-item-1223\" class=\"e-n-accordion-item\" >\n\t\t\t\t<summary class=\"e-n-accordion-item-title\" data-accordion-index=\"4\" tabindex=\"-1\" aria-expanded=\"false\" aria-controls=\"e-n-accordion-item-1223\" >\n\t\t\t\t\t<span class='e-n-accordion-item-title-header'><div class=\"e-n-accordion-item-title-text\"> Hur arbetar Gefleborgs Flyttservice med milj\u00f6 och h\u00e5llbarhet i sina f\u00f6rr\u00e5d? <\/div><\/span>\n\t\t\t\t\t\t\t<span class='e-n-accordion-item-title-icon'>\n\t\t\t<span class='e-opened' ><i aria-hidden=\"true\" class=\"fas fa-minus\"><\/i><\/span>\n\t\t\t<span class='e-closed'><i aria-hidden=\"true\" class=\"fas fa-plus\"><\/i><\/span>\n\t\t<\/span>\n\n\t\t\t\t\t\t<\/summary>\n\t\t\t\t<div role=\"region\" aria-labelledby=\"e-n-accordion-item-1223\" class=\"elementor-element elementor-element-15d53ca e-con-full e-flex e-con e-child\" data-id=\"15d53ca\" data-element_type=\"container\" data-e-type=\"container\">\n\t\t\t\t<div class=\"elementor-element elementor-element-b075518 elementor-widget elementor-widget-text-editor\" data-id=\"b075518\" data-element_type=\"widget\" data-e-type=\"widget\" data-widget_type=\"text-editor.default\">\n\t\t\t\t<div class=\"elementor-widget-container\">\n\t\t\t\t\t\t\t\t\t<p>F\u00f6retaget satsar p\u00e5 h\u00e5llbara f\u00f6rr\u00e5dsl\u00f6sningar genom att prioritera milj\u00f6 och arbetsmilj\u00f6. Kontinuerlig utbildning och utveckling s\u00e4kerst\u00e4ller att tj\u00e4nsterna \u00e4r b\u00e5de effektiva och milj\u00f6v\u00e4nliga, samtidigt som f\u00f6retaget st\u00e4ndigt s\u00f6ker nya s\u00e4tt att bli \u00e4nnu mer h\u00e5llbart.<\/p>\t\t\t\t\t\t\t\t<\/div>\n\t\t\t\t<\/div>\n\t\t\t\t<\/div>\n\t\t\t\t\t<\/details>\n\t\t\t\t\t\t<details id=\"e-n-accordion-item-1224\" class=\"e-n-accordion-item\" >\n\t\t\t\t<summary class=\"e-n-accordion-item-title\" data-accordion-index=\"5\" tabindex=\"-1\" aria-expanded=\"false\" aria-controls=\"e-n-accordion-item-1224\" >\n\t\t\t\t\t<span class='e-n-accordion-item-title-header'><div class=\"e-n-accordion-item-title-text\"> Vilka f\u00f6rdelar ger auktoriserad flyttfirma vid f\u00f6rr\u00e5dshyra i G\u00e4vle? <\/div><\/span>\n\t\t\t\t\t\t\t<span class='e-n-accordion-item-title-icon'>\n\t\t\t<span class='e-opened' ><i aria-hidden=\"true\" class=\"fas fa-minus\"><\/i><\/span>\n\t\t\t<span class='e-closed'><i aria-hidden=\"true\" class=\"fas fa-plus\"><\/i><\/span>\n\t\t<\/span>\n\n\t\t\t\t\t\t<\/summary>\n\t\t\t\t<div role=\"region\" aria-labelledby=\"e-n-accordion-item-1224\" class=\"elementor-element elementor-element-06f213b e-con-full e-flex e-con e-child\" data-id=\"06f213b\" data-element_type=\"container\" data-e-type=\"container\">\n\t\t\t\t<div class=\"elementor-element elementor-element-ff8bd32 elementor-widget elementor-widget-text-editor\" data-id=\"ff8bd32\" data-element_type=\"widget\" data-e-type=\"widget\" data-widget_type=\"text-editor.default\">\n\t\t\t\t<div class=\"elementor-widget-container\">\n\t\t\t\t\t\t\t\t\t<p>Att v\u00e4lja Gefleborgs Flyttservice som auktoriserad flyttfirma f\u00f6r f\u00f6rr\u00e5d i G\u00e4vle ger dig tillg\u00e5ng till s\u00e4kra och kvalitativa f\u00f6rvaringsutrymmen. Utbildad personal inom packm\u00e4steri och s\u00e4kerhet hanterar dina \u00e4godelar, och f\u00f6rs\u00e4kringar samt avtal uppfyller branschens h\u00f6gsta standard.<\/p>\t\t\t\t\t\t\t\t<\/div>\n\t\t\t\t<\/div>\n\t\t\t\t<\/div>\n\t\t\t\t\t<\/details>\n\t\t\t\t\t\t<details id=\"e-n-accordion-item-1225\" class=\"e-n-accordion-item\" >\n\t\t\t\t<summary class=\"e-n-accordion-item-title\" data-accordion-index=\"6\" tabindex=\"-1\" aria-expanded=\"false\" aria-controls=\"e-n-accordion-item-1225\" >\n\t\t\t\t\t<span class='e-n-accordion-item-title-header'><div class=\"e-n-accordion-item-title-text\"> Hur kan f\u00f6rr\u00e5dsl\u00f6sningar i G\u00e4vle skr\u00e4ddarsys f\u00f6r olika behov? <\/div><\/span>\n\t\t\t\t\t\t\t<span class='e-n-accordion-item-title-icon'>\n\t\t\t<span class='e-opened' ><i aria-hidden=\"true\" class=\"fas fa-minus\"><\/i><\/span>\n\t\t\t<span class='e-closed'><i aria-hidden=\"true\" class=\"fas fa-plus\"><\/i><\/span>\n\t\t<\/span>\n\n\t\t\t\t\t\t<\/summary>\n\t\t\t\t<div role=\"region\" aria-labelledby=\"e-n-accordion-item-1225\" class=\"elementor-element elementor-element-50cc90f e-con-full e-flex e-con e-child\" data-id=\"50cc90f\" data-element_type=\"container\" data-e-type=\"container\">\n\t\t\t\t<div class=\"elementor-element elementor-element-51be74c elementor-widget elementor-widget-text-editor\" data-id=\"51be74c\" data-element_type=\"widget\" data-e-type=\"widget\" data-widget_type=\"text-editor.default\">\n\t\t\t\t<div class=\"elementor-widget-container\">\n\t\t\t\t\t\t\t\t\t<p>I G\u00e4vle kan f\u00f6rr\u00e5dsl\u00f6sningar anpassas med flexibla hyresavtal, s\u00e5 att du enkelt v\u00e4ljer mellan kort- eller l\u00e5ngtidsf\u00f6rvaring. Variation i storlekar och service g\u00f6r att alternativen passar b\u00e5de vid flytt, renovering eller n\u00e4r du vill frig\u00f6ra plats hemma.<\/p>\t\t\t\t\t\t\t\t<\/div>\n\t\t\t\t<\/div>\n\t\t\t\t<\/div>\n\t\t\t\t\t<\/details>\n\t\t\t\t\t\t<details id=\"e-n-accordion-item-1226\" class=\"e-n-accordion-item\" >\n\t\t\t\t<summary class=\"e-n-accordion-item-title\" data-accordion-index=\"7\" tabindex=\"-1\" aria-expanded=\"false\" aria-controls=\"e-n-accordion-item-1226\" >\n\t\t\t\t\t<span class='e-n-accordion-item-title-header'><div class=\"e-n-accordion-item-title-text\"> Vad k\u00e4nnetecknar milj\u00f6medveten f\u00f6rr\u00e5dshantering i G\u00e4vle? <\/div><\/span>\n\t\t\t\t\t\t\t<span class='e-n-accordion-item-title-icon'>\n\t\t\t<span class='e-opened' ><i aria-hidden=\"true\" class=\"fas fa-minus\"><\/i><\/span>\n\t\t\t<span class='e-closed'><i aria-hidden=\"true\" class=\"fas fa-plus\"><\/i><\/span>\n\t\t<\/span>\n\n\t\t\t\t\t\t<\/summary>\n\t\t\t\t<div role=\"region\" aria-labelledby=\"e-n-accordion-item-1226\" class=\"elementor-element elementor-element-85a299b e-con-full e-flex e-con e-child\" data-id=\"85a299b\" data-element_type=\"container\" data-e-type=\"container\">\n\t\t\t\t<div class=\"elementor-element elementor-element-7ab0555 elementor-widget elementor-widget-text-editor\" data-id=\"7ab0555\" data-element_type=\"widget\" data-e-type=\"widget\" data-widget_type=\"text-editor.default\">\n\t\t\t\t<div class=\"elementor-widget-container\">\n\t\t\t\t\t\t\t\t\t<p>Milj\u00f6medveten f\u00f6rr\u00e5dshantering inneb\u00e4r satsningar p\u00e5 h\u00e5llbara rutiner, utbildad personal och st\u00e4ndigt f\u00f6rb\u00e4ttrade arbetsmilj\u00f6er. Ett aktivt arbete med milj\u00f6fr\u00e5gor och h\u00e5llbarhet s\u00e4kerst\u00e4ller att tj\u00e4nsterna \u00e4r b\u00e5de effektiva och ansvarsfulla gentemot klimatet.<\/p>\t\t\t\t\t\t\t\t<\/div>\n\t\t\t\t<\/div>\n\t\t\t\t<\/div>\n\t\t\t\t\t<\/details>\n\t\t\t\t\t\t<details id=\"e-n-accordion-item-1227\" class=\"e-n-accordion-item\" >\n\t\t\t\t<summary class=\"e-n-accordion-item-title\" data-accordion-index=\"8\" tabindex=\"-1\" aria-expanded=\"false\" aria-controls=\"e-n-accordion-item-1227\" >\n\t\t\t\t\t<span class='e-n-accordion-item-title-header'><div class=\"e-n-accordion-item-title-text\"> Vilka s\u00e4kerhets\u00e5tg\u00e4rder finns f\u00f6r f\u00f6rr\u00e5d i G\u00e4vle? <\/div><\/span>\n\t\t\t\t\t\t\t<span class='e-n-accordion-item-title-icon'>\n\t\t\t<span class='e-opened' ><i aria-hidden=\"true\" class=\"fas fa-minus\"><\/i><\/span>\n\t\t\t<span class='e-closed'><i aria-hidden=\"true\" class=\"fas fa-plus\"><\/i><\/span>\n\t\t<\/span>\n\n\t\t\t\t\t\t<\/summary>\n\t\t\t\t<div role=\"region\" aria-labelledby=\"e-n-accordion-item-1227\" class=\"elementor-element elementor-element-f1f46b8 e-con-full e-flex e-con e-child\" data-id=\"f1f46b8\" data-element_type=\"container\" data-e-type=\"container\">\n\t\t\t\t<div class=\"elementor-element elementor-element-7cb9065 elementor-widget elementor-widget-text-editor\" data-id=\"7cb9065\" data-element_type=\"widget\" data-e-type=\"widget\" data-widget_type=\"text-editor.default\">\n\t\t\t\t<div class=\"elementor-widget-container\">\n\t\t\t\t\t\t\t\t\t<p>F\u00f6rr\u00e5d i G\u00e4vle \u00e4r utrustade med moderna s\u00e4kerhetssystem som skyddar dina saker dygnet runt. Personalen \u00e4r utbildad f\u00f6r att hantera f\u00f6rvaringen p\u00e5 ett s\u00e4kert s\u00e4tt, s\u00e5 att dina \u00e4godelar alltid \u00e4r i trygga h\u00e4nder under hela f\u00f6rvaringstiden.<\/p>\t\t\t\t\t\t\t\t<\/div>\n\t\t\t\t<\/div>\n\t\t\t\t<\/div>\n\t\t\t\t\t<\/details>\n\t\t\t\t\t<\/div>\n\t\t\t\t\t\t<\/div>\n\t\t\t\t<\/div>\n\t\t<div class=\"elementor-element elementor-element-5a6350d e-con-full e-grid e-con e-child\" data-id=\"5a6350d\" data-element_type=\"container\" data-e-type=\"container\">\n\t\t\t\t<div class=\"elementor-element elementor-element-65d886d elementor-widget elementor-widget-button\" data-id=\"65d886d\" data-element_type=\"widget\" data-e-type=\"widget\" data-widget_type=\"button.default\">\n\t\t\t\t<div class=\"elementor-widget-container\">\n\t\t\t\t\t\t\t\t\t<div class=\"elementor-button-wrapper\">\n\t\t\t\t\t<a class=\"elementor-button elementor-button-link elementor-size-sm\" href=\"https:\/\/www.gefleflytt.se\/en\/magasinering\/\">\n\t\t\t\t\t\t<span class=\"elementor-button-content-wrapper\">\n\t\t\t\t\t\t\t\t\t<span class=\"elementor-button-text\">V\u00e5ra magasinstj\u00e4nster<\/span>\n\t\t\t\t\t<\/span>\n\t\t\t\t\t<\/a>\n\t\t\t\t<\/div>\n\t\t\t\t\t\t\t\t<\/div>\n\t\t\t\t<\/div>\n\t\t\t\t<div class=\"elementor-element elementor-element-4e3ea2e elementor-widget elementor-widget-button\" data-id=\"4e3ea2e\" data-element_type=\"widget\" data-e-type=\"widget\" data-widget_type=\"button.default\">\n\t\t\t\t<div class=\"elementor-widget-container\">\n\t\t\t\t\t\t\t\t\t<div class=\"elementor-button-wrapper\">\n\t\t\t\t\t<a class=\"elementor-button elementor-button-link elementor-size-sm\" href=\"https:\/\/www.gefleflytt.se\/en\/privat-offert-magasineringstjanster\/\">\n\t\t\t\t\t\t<span class=\"elementor-button-content-wrapper\">\n\t\t\t\t\t\t\t\t\t<span class=\"elementor-button-text\">Skicka in din offertf\u00f6rfr\u00e5gan till oss!<\/span>\n\t\t\t\t\t<\/span>\n\t\t\t\t\t<\/a>\n\t\t\t\t<\/div>\n\t\t\t\t\t\t\t\t<\/div>\n\t\t\t\t<\/div>\n\t\t\t\t<\/div>\n\t\t\t\t<\/div>\n\t\t\t\t\t<\/div>\n\t\t\t\t<\/div>\n\t\t<div class=\"elementor-element elementor-element-0704794 e-flex e-con-boxed e-con e-parent\" data-id=\"0704794\" data-element_type=\"container\" data-e-type=\"container\" data-settings=\"{&quot;background_background&quot;:&quot;classic&quot;}\">\n\t\t\t\t\t<div class=\"e-con-inner\">\n\t\t\t\t<div class=\"elementor-element elementor-element-3a34535 elementor-widget elementor-widget-text-editor\" data-id=\"3a34535\" data-element_type=\"widget\" data-e-type=\"widget\" data-widget_type=\"text-editor.default\">\n\t\t\t\t<div class=\"elementor-widget-container\">\n\t\t\t\t\t\t\t\t\t<div class='subnavigation-wrapper' style='display: flex;justify-content: space-evenly;flex-wrap: wrap;padding: 24px;gap: 24px;'><a href='https:\/\/www.gefleflytt.se\/en\/magasinering-gavle\/' >Magasinering g\u00e4vle<\/a><a href='https:\/\/www.gefleflytt.se\/en\/flyttstadning-offert\/' >Flyttst\u00e4dning offert<\/a><a href='https:\/\/www.gefleflytt.se\/en\/pianoflytt-gavle\/' >Pianoflytt g\u00e4vle<\/a><a href='https:\/\/www.gefleflytt.se\/en\/offert-flyttfirma\/' >Offert flyttfirma<\/a><a href='https:\/\/www.gefleflytt.se\/en\/flyttfirma-gavle\/' >Flyttfirma g\u00e4vle<\/a><a href='https:\/\/www.gefleflytt.se\/en\/atervinning-gavle\/' >\u00e5tervinning g\u00e4vle<\/a><a href='https:\/\/www.gefleflytt.se\/en\/flytthjalp-gavle\/' >Flytthj\u00e4lp g\u00e4vle<\/a><a href='https:\/\/www.gefleflytt.se\/en\/flyttkartonger-gavle\/' >Flyttkartonger g\u00e4vle<\/a><a href='https:\/\/www.gefleflytt.se\/en\/flyttstad-gavle\/' >Flyttst\u00e4d g\u00e4vle<\/a><\/div>\t\t\t\t\t\t\t\t<\/div>\n\t\t\t\t<\/div>\n\t\t\t\t\t<\/div>\n\t\t\t\t<\/div>\n\t\t\t\t<\/div>","protected":false},"excerpt":{"rendered":"<p>S\u00e4ker och flexibel f\u00f6rr\u00e5dshantering i G\u00e4vle. Att hitta r\u00e4tt f\u00f6rr\u00e5d i G\u00e4vle kan vara en utmaning, men hos Gefleborgs Flyttservice erbjuder vi l\u00f6sningar som passar dina behov. V\u00e5r expertis inom flytt och f\u00f6rvaring s\u00e4kerst\u00e4ller att dina \u00e4godelar hanteras med st\u00f6rsta omsorg och professionalism. Vi f\u00f6rst\u00e5r vikten av trygg och s\u00e4ker f\u00f6rvaring, s\u00e4rskilt n\u00e4r du beh\u00f6ver [&hellip;]<\/p>\n","protected":false},"author":4,"featured_media":0,"parent":0,"menu_order":0,"comment_status":"closed","ping_status":"closed","template":"","meta":{"_monsterinsights_skip_tracking":false,"_monsterinsights_sitenote_active":false,"_monsterinsights_sitenote_note":"","_monsterinsights_sitenote_category":0,"footnotes":""},"class_list":["post-3848","page","type-page","status-publish","hentry"],"_links":{"self":[{"href":"https:\/\/www.gefleflytt.se\/en\/wp-json\/wp\/v2\/pages\/3848","targetHints":{"allow":["GET"]}}],"collection":[{"href":"https:\/\/www.gefleflytt.se\/en\/wp-json\/wp\/v2\/pages"}],"about":[{"href":"https:\/\/www.gefleflytt.se\/en\/wp-json\/wp\/v2\/types\/page"}],"author":[{"embeddable":true,"href":"https:\/\/www.gefleflytt.se\/en\/wp-json\/wp\/v2\/users\/4"}],"replies":[{"embeddable":true,"href":"https:\/\/www.gefleflytt.se\/en\/wp-json\/wp\/v2\/comments?post=3848"}],"version-history":[{"count":54,"href":"https:\/\/www.gefleflytt.se\/en\/wp-json\/wp\/v2\/pages\/3848\/revisions"}],"predecessor-version":[{"id":5354,"href":"https:\/\/www.gefleflytt.se\/en\/wp-json\/wp\/v2\/pages\/3848\/revisions\/5354"}],"wp:attachment":[{"href":"https:\/\/www.gefleflytt.se\/en\/wp-json\/wp\/v2\/media?parent=3848"}],"curies":[{"name":"wp","href":"https:\/\/api.w.org\/{rel}","templated":true}]}}