{"id":3853,"date":"2025-01-15T10:52:34","date_gmt":"2025-01-15T09:52:34","guid":{"rendered":"https:\/\/www.gefleflytt.se\/?page_id=3853"},"modified":"2026-04-17T11:19:39","modified_gmt":"2026-04-17T09:19:39","slug":"magasinering-gavle","status":"publish","type":"page","link":"https:\/\/www.gefleflytt.se\/en\/magasinering-gavle\/","title":{"rendered":"Magasinering G\u00e4vle"},"content":{"rendered":"<div data-elementor-type=\"wp-page\" data-elementor-id=\"3853\" class=\"elementor elementor-3853\" wpc-filter-elementor-widget=\"1\" data-elementor-post-type=\"page\">\n\t\t\t\t<div class=\"elementor-element elementor-element-9bb11a2 e-flex e-con-boxed e-con e-parent\" data-id=\"9bb11a2\" data-element_type=\"container\" data-e-type=\"container\" data-settings=\"{&quot;background_background&quot;:&quot;classic&quot;}\">\n\t\t\t\t\t<div class=\"e-con-inner\">\n\t\t<div class=\"elementor-element elementor-element-62f5ee2 e-con-full e-flex e-con e-child\" data-id=\"62f5ee2\" data-element_type=\"container\" data-e-type=\"container\">\n\t\t\t\t<div class=\"elementor-element elementor-element-4c5d067 elementor-widget elementor-widget-menu-anchor\" data-id=\"4c5d067\" data-element_type=\"widget\" data-e-type=\"widget\" data-widget_type=\"menu-anchor.default\">\n\t\t\t\t<div class=\"elementor-widget-container\">\n\t\t\t\t\t\t\t<div class=\"elementor-menu-anchor\" id=\"extraman\"><\/div>\n\t\t\t\t\t\t<\/div>\n\t\t\t\t<\/div>\n\t\t\t\t<div class=\"elementor-element elementor-element-2634fed elementor-widget elementor-widget-heading\" data-id=\"2634fed\" data-element_type=\"widget\" data-e-type=\"widget\" data-widget_type=\"heading.default\">\n\t\t\t\t<div class=\"elementor-widget-container\">\n\t\t\t\t\t<h1 class=\"elementor-heading-title elementor-size-default\">Trygg och s\u00e4ker magasinering i G\u00e4vle f\u00f6r alla behov.<\/h1>\t\t\t\t<\/div>\n\t\t\t\t<\/div>\n\t\t\t\t<div class=\"elementor-element elementor-element-facc38d elementor-widget elementor-widget-text-editor\" data-id=\"facc38d\" data-element_type=\"widget\" data-e-type=\"widget\" data-widget_type=\"text-editor.default\">\n\t\t\t\t<div class=\"elementor-widget-container\">\n\t\t\t\t\t\t\t\t\t<p data-start=\"118\" data-end=\"172\"><strong data-start=\"118\" data-end=\"170\">Magasinering i G\u00e4vle med Gefleborgs Flyttservice<\/strong><\/p><p data-start=\"174\" data-end=\"479\">N\u00e4r du st\u00e5r inf\u00f6r en flytt eller beh\u00f6ver extra utrymme f\u00f6r dina \u00e4godelar kan magasinering vara den perfekta l\u00f6sningen. Hos Gefleborgs Flyttservice erbjuder vi trygg och s\u00e4ker magasinering i G\u00e4vle, anpassad efter dina behov. Vi garanterar att dina tillh\u00f6righeter hanteras med st\u00f6rsta omsorg och s\u00e4kerhet.<\/p><p data-start=\"481\" data-end=\"871\">V\u00e5ra magasineringstj\u00e4nster \u00e4r idealiska f\u00f6r dig som renoverar, flyttar utomlands eller helt enkelt beh\u00f6ver frig\u00f6ra plats i ditt hem. Vi ser till att dina m\u00f6bler och andra f\u00f6rem\u00e5l f\u00f6rvaras i s\u00e4kra och klimatkontrollerade utrymmen. V\u00e5r personal \u00e4r utbildad i packm\u00e4steri och tung hantering, vilket s\u00e4kerst\u00e4ller att dina saker packas och hanteras p\u00e5 ett s\u00e4tt som minimerar risken f\u00f6r skador.<\/p><p data-start=\"873\" data-end=\"1146\">H\u00e5llbarhet \u00e4r en central del av v\u00e5r verksamhet. Vi str\u00e4var efter att g\u00f6ra h\u00e5llbara val b\u00e5de f\u00f6r milj\u00f6n och f\u00f6r v\u00e5ra medarbetares arbetsmilj\u00f6. Genom l\u00f6pande utbildning och ett starkt fokus p\u00e5 service, kvalitet och trygghet arbetar vi f\u00f6r att \u00f6vertr\u00e4ffa dina f\u00f6rv\u00e4ntningar.<\/p><p data-start=\"1148\" data-end=\"1438\">N\u00e4r du v\u00e4ljer magasinering med Gefleborgs Flyttservice kan du vara s\u00e4ker p\u00e5 att dina \u00e4godelar \u00e4r i trygga h\u00e4nder. V\u00e5r erfarenhet och v\u00e5rt engagemang f\u00f6r kundn\u00f6jdhet g\u00f6r oss till det sj\u00e4lvklara valet f\u00f6r magasinering i G\u00e4vle. L\u00e5t oss hj\u00e4lpa dig att skapa utrymme och trygghet i din vardag.<\/p>\t\t\t\t\t\t\t\t<\/div>\n\t\t\t\t<\/div>\n\t\t\t\t<div class=\"elementor-element elementor-element-17e2f18 elementor-widget elementor-widget-heading\" data-id=\"17e2f18\" data-element_type=\"widget\" data-e-type=\"widget\" data-widget_type=\"heading.default\">\n\t\t\t\t<div class=\"elementor-widget-container\">\n\t\t\t\t\t<h2 class=\"elementor-heading-title elementor-size-default\">S\u00e4ker och H\u00e5llbar Magasinering i G\u00e4vle<\/h2>\t\t\t\t<\/div>\n\t\t\t\t<\/div>\n\t\t\t\t<div class=\"elementor-element elementor-element-88b92ee elementor-widget elementor-widget-text-editor\" data-id=\"88b92ee\" data-element_type=\"widget\" data-e-type=\"widget\" data-widget_type=\"text-editor.default\">\n\t\t\t\t<div class=\"elementor-widget-container\">\n\t\t\t\t\t\t\t\t\t<p data-start=\"104\" data-end=\"458\">Uppt\u00e4ck trygg magasinering i G\u00e4vle som anpassas efter dina specifika behov. Oavsett om du renoverar, flyttar utomlands eller bara beh\u00f6ver extra utrymme, erbjuder vi s\u00e4kra och klimatkontrollerade f\u00f6rvaringsl\u00f6sningar. V\u00e5r personal \u00e4r utbildad i packm\u00e4steri och tung hantering, vilket garanterar att dina \u00e4godelar hanteras med st\u00f6rsta omsorg och s\u00e4kerhet.<\/p><p data-start=\"460\" data-end=\"786\">Vi har alla n\u00f6dv\u00e4ndiga f\u00f6rs\u00e4kringar och tillst\u00e5nd f\u00f6r att skydda dina tillh\u00f6righeter. H\u00e5llbarhet \u00e4r en central del av v\u00e5r verksamhet, och vi str\u00e4var efter att g\u00f6ra milj\u00f6v\u00e4nliga val f\u00f6r b\u00e5de klimatet och v\u00e5ra medarbetares arbetsmilj\u00f6. V\u00e4lj magasinering i G\u00e4vle med oss och upplev service, kvalitet och trygghet i v\u00e4rldsklass.<\/p>\t\t\t\t\t\t\t\t<\/div>\n\t\t\t\t<\/div>\n\t\t\t\t<div class=\"elementor-element elementor-element-977efe6 elementor-widget elementor-widget-heading\" data-id=\"977efe6\" data-element_type=\"widget\" data-e-type=\"widget\" data-widget_type=\"heading.default\">\n\t\t\t\t<div class=\"elementor-widget-container\">\n\t\t\t\t\t<h3 class=\"elementor-heading-title elementor-size-default\">Effektiv och S\u00e4ker Magasinering i G\u00e4vle<\/h3>\t\t\t\t<\/div>\n\t\t\t\t<\/div>\n\t\t\t\t<div class=\"elementor-element elementor-element-1743356 elementor-widget elementor-widget-text-editor\" data-id=\"1743356\" data-element_type=\"widget\" data-e-type=\"widget\" data-widget_type=\"text-editor.default\">\n\t\t\t\t<div class=\"elementor-widget-container\">\n\t\t\t\t\t\t\t\t\t<p data-start=\"101\" data-end=\"461\">Uppt\u00e4ck hur du kan optimera ditt utrymme med v\u00e5ra professionella magasineringstj\u00e4nster i G\u00e4vle. Oavsett om du st\u00e5r inf\u00f6r en flytt, renovering eller bara beh\u00f6ver extra plats, erbjuder vi s\u00e4kra och klimatkontrollerade l\u00f6sningar. V\u00e5r erfarna personal \u00e4r utbildad i packm\u00e4steri och tung hantering, vilket garanterar att dina \u00e4godelar hanteras med st\u00f6rsta omsorg.<\/p><p data-start=\"463\" data-end=\"683\">Vi prioriterar h\u00e5llbarhet och arbetar st\u00e4ndigt f\u00f6r att g\u00f6ra milj\u00f6v\u00e4nliga val som gynnar b\u00e5de klimatet och v\u00e5ra medarbetares arbetsmilj\u00f6. V\u00e4lj magasinering i G\u00e4vle med oss och upplev trygghet och kvalitet i v\u00e4rldsklass.<\/p>\t\t\t\t\t\t\t\t<\/div>\n\t\t\t\t<\/div>\n\t\t\t\t<div class=\"elementor-element elementor-element-37860a8 elementor-widget elementor-widget-heading\" data-id=\"37860a8\" data-element_type=\"widget\" data-e-type=\"widget\" data-widget_type=\"heading.default\">\n\t\t\t\t<div class=\"elementor-widget-container\">\n\t\t\t\t\t<h3 class=\"elementor-heading-title elementor-size-default\">Magasinering i G\u00e4vle \u2013 Flexibla l\u00f6sningar f\u00f6r alla behov<\/h3>\t\t\t\t<\/div>\n\t\t\t\t<\/div>\n\t\t\t\t<div class=\"elementor-element elementor-element-f814a6d elementor-widget elementor-widget-text-editor\" data-id=\"f814a6d\" data-element_type=\"widget\" data-e-type=\"widget\" data-widget_type=\"text-editor.default\">\n\t\t\t\t<div class=\"elementor-widget-container\">\n\t\t\t\t\t\t\t\t\t<p data-start=\"100\" data-end=\"464\">Beh\u00f6ver du extra utrymme under en flytt, renovering eller n\u00e4r livet f\u00f6r\u00e4ndras? Med magasinering i G\u00e4vle via Gefleborgs Flyttservice f\u00e5r du flexibla och s\u00e4kra f\u00f6rvaringsm\u00f6jligheter anpassade efter just dina behov. Dina \u00e4godelar f\u00f6rvaras tryggt i klimatkontrollerade utrymmen och hanteras av utbildad personal med stor erfarenhet av packm\u00e4steri och tung hantering.<\/p><p data-start=\"466\" data-end=\"663\">Vi har alla n\u00f6dv\u00e4ndiga f\u00f6rs\u00e4kringar och arbetar aktivt med h\u00e5llbarhet, vilket ger dig en trygg och milj\u00f6v\u00e4nlig magasinering i G\u00e4vle. Skapa mer plats och sinnesro med v\u00e5ra professionella tj\u00e4nster.<\/p>\t\t\t\t\t\t\t\t<\/div>\n\t\t\t\t<\/div>\n\t\t\t\t<div class=\"elementor-element elementor-element-1727f41 elementor-widget elementor-widget-heading\" data-id=\"1727f41\" data-element_type=\"widget\" data-e-type=\"widget\" data-widget_type=\"heading.default\">\n\t\t\t\t<div class=\"elementor-widget-container\">\n\t\t\t\t\t<h3 class=\"elementor-heading-title elementor-size-default\">Skr\u00e4ddarsydd magasinering i G\u00e4vle f\u00f6r alla behov<\/h3>\t\t\t\t<\/div>\n\t\t\t\t<\/div>\n\t\t\t\t<div class=\"elementor-element elementor-element-44455e6 elementor-widget elementor-widget-text-editor\" data-id=\"44455e6\" data-element_type=\"widget\" data-e-type=\"widget\" data-widget_type=\"text-editor.default\">\n\t\t\t\t<div class=\"elementor-widget-container\">\n\t\t\t\t\t\t\t\t\t<p data-start=\"100\" data-end=\"464\">Oavsett om du \u00e4r privatperson som beh\u00f6ver tillf\u00e4llig f\u00f6rvaring vid flytt eller f\u00f6retag som s\u00f6ker lagerl\u00f6sning, finns flexibla alternativ f\u00f6r magasinering i G\u00e4vle. Vi erbjuder anpassade utrymmen i olika storlekar f\u00f6r att passa varje behov.&nbsp;<\/p><p data-start=\"100\" data-end=\"464\">F\u00f6retag kan tryggt lagra arkiv, inventarier eller s\u00e4songsprodukter, medan privatpersoner f\u00e5r en smidig l\u00f6sning f\u00f6r m\u00f6bler, kl\u00e4der eller sportutrustning. V\u00e5r personliga service s\u00e4kerst\u00e4ller att du f\u00e5r r\u00e4tt f\u00f6rvaringsl\u00f6sning utifr\u00e5n dina \u00f6nskem\u00e5l och tidsramar. Med skr\u00e4ddarsydd magasinering i G\u00e4vle f\u00e5r du alltid en l\u00f6sning som passar dig.<\/p>\t\t\t\t\t\t\t\t<\/div>\n\t\t\t\t<\/div>\n\t\t\t\t<div class=\"elementor-element elementor-element-c7bb361 elementor-widget elementor-widget-heading\" data-id=\"c7bb361\" data-element_type=\"widget\" data-e-type=\"widget\" data-widget_type=\"heading.default\">\n\t\t\t\t<div class=\"elementor-widget-container\">\n\t\t\t\t\t<h4 class=\"elementor-heading-title elementor-size-default\">Magasinering i G\u00e4vle - F\u00f6rvaring f\u00f6r k\u00e4nsliga f\u00f6rem\u00e5l<\/h4>\t\t\t\t<\/div>\n\t\t\t\t<\/div>\n\t\t\t\t<div class=\"elementor-element elementor-element-5e6a875 elementor-widget elementor-widget-text-editor\" data-id=\"5e6a875\" data-element_type=\"widget\" data-e-type=\"widget\" data-widget_type=\"text-editor.default\">\n\t\t\t\t<div class=\"elementor-widget-container\">\n\t\t\t\t\t\t\t\t\t<p data-start=\"100\" data-end=\"464\">F\u00f6r dig som beh\u00f6ver magasinering i G\u00e4vle av extra k\u00e4nsliga eller v\u00e4rdefulla \u00e4godelar erbjuder vi specialanpassade l\u00f6sningar. Klimatkontrollerade utrymmen skyddar mot fukt och temperaturv\u00e4xlingar, vilket \u00e4r avg\u00f6rande f\u00f6r konst, antikviteter och elektronik.&nbsp;<\/p><p data-start=\"100\" data-end=\"464\">V\u00e5r personal hanterar allt med st\u00f6rsta f\u00f6rsiktighet och anv\u00e4nder material som minimerar risken f\u00f6r skador. Vi hj\u00e4lper dig g\u00e4rna med r\u00e5dgivning kring b\u00e4sta s\u00e4tt att f\u00f6rvara just dina k\u00e4nsliga saker. P\u00e5 s\u00e5 vis kan du k\u00e4nna dig trygg med att allt bevaras i optimalt skick under hela f\u00f6rvaringsperioden.<\/p>\t\t\t\t\t\t\t\t<\/div>\n\t\t\t\t<\/div>\n\t\t\t\t<div class=\"elementor-element elementor-element-16df01a elementor-widget elementor-widget-heading\" data-id=\"16df01a\" data-element_type=\"widget\" data-e-type=\"widget\" data-widget_type=\"heading.default\">\n\t\t\t\t<div class=\"elementor-widget-container\">\n\t\t\t\t\t<h2 class=\"elementor-heading-title elementor-size-default\">Magasinering i G\u00e4vle - F\u00f6rvaring med personlig service<\/h2>\t\t\t\t<\/div>\n\t\t\t\t<\/div>\n\t\t\t\t<div class=\"elementor-element elementor-element-6188f42 elementor-widget elementor-widget-text-editor\" data-id=\"6188f42\" data-element_type=\"widget\" data-e-type=\"widget\" data-widget_type=\"text-editor.default\">\n\t\t\t\t<div class=\"elementor-widget-container\">\n\t\t\t\t\t\t\t\t\t<p data-start=\"100\" data-end=\"464\">N\u00e4r du v\u00e4ljer magasinering i G\u00e4vle f\u00e5r du inte bara s\u00e4ker f\u00f6rvaring utan \u00e4ven personlig service genom hela processen. Vi lyssnar noga p\u00e5 dina \u00f6nskem\u00e5l och anpassar l\u00f6sningen efter dina behov, oavsett om du \u00e4r privatperson eller f\u00f6retag. V\u00e5rt team \u00e4r alltid tillg\u00e4ngligt f\u00f6r att svara p\u00e5 fr\u00e5gor och ge r\u00e5dgivning kring b\u00e4sta f\u00f6rvaringss\u00e4tt.&nbsp;<\/p><p data-start=\"100\" data-end=\"464\">Med v\u00e5rt engagemang f\u00f6r kundn\u00f6jdhet kan du k\u00e4nna dig trygg och sedd. Vi ser till att kommunikationen \u00e4r tydlig och transparent fr\u00e5n f\u00f6rsta kontakt till dess att du h\u00e4mtar ut dina saker. V\u00e5rt m\u00e5l \u00e4r att du ska k\u00e4nna dig lika n\u00f6jd med bem\u00f6tandet som med sj\u00e4lva f\u00f6rvaringen. V\u00e4lj magasinering i G\u00e4vle med oss f\u00f6r en smidig och trygg upplevelse.<\/p>\t\t\t\t\t\t\t\t<\/div>\n\t\t\t\t<\/div>\n\t\t\t\t<div class=\"elementor-element elementor-element-ea2f141 elementor-widget elementor-widget-image\" data-id=\"ea2f141\" data-element_type=\"widget\" data-e-type=\"widget\" data-widget_type=\"image.default\">\n\t\t\t\t<div class=\"elementor-widget-container\">\n\t\t\t\t\t\t\t\t\t\t\t\t\t\t\t<img fetchpriority=\"high\" decoding=\"async\" width=\"800\" height=\"534\" src=\"https:\/\/www.gefleflytt.se\/wp-content\/uploads\/2025\/08\/storage-safe-secure-1024x683.webp\" class=\"attachment-large size-large wp-image-5035\" alt=\"Magasinering G\u00e4vle \u2013 S\u00e4ker och klimatkontrollerad f\u00f6rvaring av dina \u00e4godelar hos Gefleborgs Flyttservice.\" srcset=\"https:\/\/www.gefleflytt.se\/wp-content\/uploads\/2025\/08\/storage-safe-secure-1024x683.webp 1024w, https:\/\/www.gefleflytt.se\/wp-content\/uploads\/2025\/08\/storage-safe-secure-300x200.webp 300w, https:\/\/www.gefleflytt.se\/wp-content\/uploads\/2025\/08\/storage-safe-secure-768x512.webp 768w, https:\/\/www.gefleflytt.se\/wp-content\/uploads\/2025\/08\/storage-safe-secure-1536x1024.webp 1536w, https:\/\/www.gefleflytt.se\/wp-content\/uploads\/2025\/08\/storage-safe-secure-600x400.webp 600w, https:\/\/www.gefleflytt.se\/wp-content\/uploads\/2025\/08\/storage-safe-secure.webp 1920w\" sizes=\"(max-width: 800px) 100vw, 800px\" \/>\t\t\t\t\t\t\t\t\t\t\t\t\t\t\t<\/div>\n\t\t\t\t<\/div>\n\t\t\t\t<div class=\"elementor-element elementor-element-7d6bbb9 elementor-widget elementor-widget-heading\" data-id=\"7d6bbb9\" data-element_type=\"widget\" data-e-type=\"widget\" data-widget_type=\"heading.default\">\n\t\t\t\t<div class=\"elementor-widget-container\">\n\t\t\t\t\t<h2 class=\"elementor-heading-title elementor-size-default\">Maximera din magasinering med smarta tj\u00e4nster i G\u00e4vle<\/h2>\t\t\t\t<\/div>\n\t\t\t\t<\/div>\n\t\t\t\t<div class=\"elementor-element elementor-element-2a5582b elementor-widget elementor-widget-text-editor\" data-id=\"2a5582b\" data-element_type=\"widget\" data-e-type=\"widget\" data-widget_type=\"text-editor.default\">\n\t\t\t\t<div class=\"elementor-widget-container\">\n\t\t\t\t\t\t\t\t\t<p>N\u00e4r du v\u00e4ljer magasinering i G\u00e4vle kan det vara en god id\u00e9 att \u00e4ven fundera p\u00e5 andra praktiska tj\u00e4nster som f\u00f6renklar din flytt eller f\u00f6rvaring. Beh\u00f6ver du hj\u00e4lp med att ta hand om det du inte l\u00e4ngre vill spara? Vi erbjuder h\u00e5llbara l\u00f6sningar f\u00f6r\u00a0<a href=\"https:\/\/www.gefleflytt.se\/en\/atervinning-gavle\/\"><span style=\"text-decoration: underline;\">\u00e5tervinning i G\u00e4vle<\/span><\/a>, s\u00e5 att dina gamla saker tas om hand p\u00e5 ett milj\u00f6v\u00e4nligt s\u00e4tt.<\/p><p>Dessutom kan vi hj\u00e4lpa dig att frig\u00f6ra \u00e4nnu mer plats genom att hyra ett extra\u00a0<a href=\"https:\/\/www.gefleflytt.se\/en\/forrad-gavle\/\"><span style=\"text-decoration: underline;\">f\u00f6rr\u00e5d i G\u00e4vle<\/span><\/a>\u00a0om du har behov av l\u00e5ngvarig f\u00f6rvaring. Med v\u00e5ra flexibla tj\u00e4nster f\u00e5r du en smidig och trygg helhetsl\u00f6sning f\u00f6r alla dina magasinering- och flyttbehov.<\/p>\t\t\t\t\t\t\t\t<\/div>\n\t\t\t\t<\/div>\n\t\t\t\t<div class=\"elementor-element elementor-element-c28daa5 elementor-widget elementor-widget-heading\" data-id=\"c28daa5\" data-element_type=\"widget\" data-e-type=\"widget\" data-widget_type=\"heading.default\">\n\t\t\t\t<div class=\"elementor-widget-container\">\n\t\t\t\t\t<h2 class=\"elementor-heading-title elementor-size-default\">Magasinering i G\u00e4vle - S\u00e4kerhet och f\u00f6rs\u00e4kringar i fokus<\/h2>\t\t\t\t<\/div>\n\t\t\t\t<\/div>\n\t\t\t\t<div class=\"elementor-element elementor-element-0a7791b elementor-widget elementor-widget-text-editor\" data-id=\"0a7791b\" data-element_type=\"widget\" data-e-type=\"widget\" data-widget_type=\"text-editor.default\">\n\t\t\t\t<div class=\"elementor-widget-container\">\n\t\t\t\t\t\t\t\t\t<p>N\u00e4r du v\u00e4ljer magasinering i G\u00e4vle \u00e4r s\u00e4kerheten alltid h\u00f6gsta prioritet. Dina \u00e4godelar skyddas av moderna s\u00e4kerhetssystem, \u00f6vervakning och v\u00e4lutbildad personal som hanterar allt med omsorg. F\u00f6r att ytterligare \u00f6ka tryggheten omfattas all f\u00f6rvaring av n\u00f6dv\u00e4ndiga f\u00f6rs\u00e4kringar, vilket ger dig extra skydd om n\u00e5got ov\u00e4ntat skulle intr\u00e4ffa.&nbsp;<\/p><p>Skriftliga avtal garanterar tydliga villkor och transparens genom hela processen. Du kan d\u00e4rf\u00f6r k\u00e4nna dig helt trygg med att dina saker \u00e4r i s\u00e4kra h\u00e4nder. Magasinering i G\u00e4vle erbjuder d\u00e4rmed ett komplett skyddspaket som ger dig lugn och sinnesro, oavsett vad du beh\u00f6ver f\u00f6rvara eller hur l\u00e4nge.<\/p>\t\t\t\t\t\t\t\t<\/div>\n\t\t\t\t<\/div>\n\t\t\t\t<div class=\"elementor-element elementor-element-b5ee79c elementor-widget elementor-widget-heading\" data-id=\"b5ee79c\" data-element_type=\"widget\" data-e-type=\"widget\" data-widget_type=\"heading.default\">\n\t\t\t\t<div class=\"elementor-widget-container\">\n\t\t\t\t\t<h2 class=\"elementor-heading-title elementor-size-default\">Sammanfattning<\/h2>\t\t\t\t<\/div>\n\t\t\t\t<\/div>\n\t\t\t\t<div class=\"elementor-element elementor-element-413d02a elementor-widget elementor-widget-text-editor\" data-id=\"413d02a\" data-element_type=\"widget\" data-e-type=\"widget\" data-widget_type=\"text-editor.default\">\n\t\t\t\t<div class=\"elementor-widget-container\">\n\t\t\t\t\t\t\t\t\t<p data-start=\"104\" data-end=\"361\">Gefleborgs Flyttservice erbjuder trygg och s\u00e4ker magasinering i G\u00e4vle f\u00f6r alla behov. Med klimatkontrollerade utrymmen och utbildad personal garanteras s\u00e4ker hantering av dina \u00e4godelar, oavsett om du st\u00e5r inf\u00f6r flytt, renovering eller beh\u00f6ver extra plats.<\/p><p data-start=\"363\" data-end=\"596\">Vi har alla n\u00f6dv\u00e4ndiga f\u00f6rs\u00e4kringar och tillst\u00e5nd f\u00f6r att skydda dina tillh\u00f6righeter. H\u00e5llbarhet och milj\u00f6v\u00e4nliga val \u00e4r centrala delar av verksamheten, vilket ger dig en trygg, flexibel och milj\u00f6medveten f\u00f6rvaringsl\u00f6sning i G\u00e4vle.<\/p>\t\t\t\t\t\t\t\t<\/div>\n\t\t\t\t<\/div>\n\t\t\t\t<div class=\"elementor-element elementor-element-187810c elementor-widget elementor-widget-heading\" data-id=\"187810c\" data-element_type=\"widget\" data-e-type=\"widget\" data-widget_type=\"heading.default\">\n\t\t\t\t<div class=\"elementor-widget-container\">\n\t\t\t\t\t<h3 class=\"elementor-heading-title elementor-size-default\">Fr\u00e5gor &amp; Svar<\/h3>\t\t\t\t<\/div>\n\t\t\t\t<\/div>\n\t\t\t\t<div class=\"elementor-element elementor-element-f27497f elementor-widget elementor-widget-n-accordion\" data-id=\"f27497f\" data-element_type=\"widget\" data-e-type=\"widget\" data-settings=\"{&quot;default_state&quot;:&quot;expanded&quot;,&quot;max_items_expended&quot;:&quot;one&quot;,&quot;n_accordion_animation_duration&quot;:{&quot;unit&quot;:&quot;ms&quot;,&quot;size&quot;:400,&quot;sizes&quot;:[]}}\" data-widget_type=\"nested-accordion.default\">\n\t\t\t\t<div class=\"elementor-widget-container\">\n\t\t\t\t\t\t\t<div class=\"e-n-accordion\" aria-label=\"Accordion. Open links with Enter or Space, close with Escape, and navigate with Arrow Keys\">\n\t\t\t\t\t\t<details id=\"e-n-accordion-item-2540\" class=\"e-n-accordion-item\" open>\n\t\t\t\t<summary class=\"e-n-accordion-item-title\" data-accordion-index=\"1\" tabindex=\"0\" aria-expanded=\"true\" aria-controls=\"e-n-accordion-item-2540\" >\n\t\t\t\t\t<span class='e-n-accordion-item-title-header'><div class=\"e-n-accordion-item-title-text\"> Vad inneb\u00e4r trygg magasinering i G\u00e4vle? <\/div><\/span>\n\t\t\t\t\t\t\t<span class='e-n-accordion-item-title-icon'>\n\t\t\t<span class='e-opened' ><i aria-hidden=\"true\" class=\"fas fa-minus\"><\/i><\/span>\n\t\t\t<span class='e-closed'><i aria-hidden=\"true\" class=\"fas fa-plus\"><\/i><\/span>\n\t\t<\/span>\n\n\t\t\t\t\t\t<\/summary>\n\t\t\t\t<div role=\"region\" aria-labelledby=\"e-n-accordion-item-2540\" class=\"elementor-element elementor-element-cdf5aaa e-con-full e-flex e-con e-child\" data-id=\"cdf5aaa\" data-element_type=\"container\" data-e-type=\"container\">\n\t\t\t\t<div class=\"elementor-element elementor-element-a0c2313 elementor-widget elementor-widget-text-editor\" data-id=\"a0c2313\" data-element_type=\"widget\" data-e-type=\"widget\" data-widget_type=\"text-editor.default\">\n\t\t\t\t<div class=\"elementor-widget-container\">\n\t\t\t\t\t\t\t\t\t<p>Trygg magasinering i G\u00e4vle inneb\u00e4r att dina \u00e4godelar f\u00f6rvaras s\u00e4kert i klimatkontrollerade utrymmen. Utbildad personal och f\u00f6rs\u00e4kringar ser till att dina saker hanteras med stor omsorg och minimal risk f\u00f6r skador. Det ger dig som kund extra trygghet under hela f\u00f6rvaringsperioden.<\/p>\t\t\t\t\t\t\t\t<\/div>\n\t\t\t\t<\/div>\n\t\t\t\t<\/div>\n\t\t\t\t\t<\/details>\n\t\t\t\t\t\t<details id=\"e-n-accordion-item-2541\" class=\"e-n-accordion-item\" >\n\t\t\t\t<summary class=\"e-n-accordion-item-title\" data-accordion-index=\"2\" tabindex=\"-1\" aria-expanded=\"false\" aria-controls=\"e-n-accordion-item-2541\" >\n\t\t\t\t\t<span class='e-n-accordion-item-title-header'><div class=\"e-n-accordion-item-title-text\"> Vilka f\u00f6rdelar har klimatkontrollerad magasinering i G\u00e4vle? <\/div><\/span>\n\t\t\t\t\t\t\t<span class='e-n-accordion-item-title-icon'>\n\t\t\t<span class='e-opened' ><i aria-hidden=\"true\" class=\"fas fa-minus\"><\/i><\/span>\n\t\t\t<span class='e-closed'><i aria-hidden=\"true\" class=\"fas fa-plus\"><\/i><\/span>\n\t\t<\/span>\n\n\t\t\t\t\t\t<\/summary>\n\t\t\t\t<div role=\"region\" aria-labelledby=\"e-n-accordion-item-2541\" class=\"elementor-element elementor-element-b4019db e-con-full e-flex e-con e-child\" data-id=\"b4019db\" data-element_type=\"container\" data-e-type=\"container\">\n\t\t\t\t<div class=\"elementor-element elementor-element-2e10067 elementor-widget elementor-widget-text-editor\" data-id=\"2e10067\" data-element_type=\"widget\" data-e-type=\"widget\" data-widget_type=\"text-editor.default\">\n\t\t\t\t<div class=\"elementor-widget-container\">\n\t\t\t\t\t\t\t\t\t<p>Klimatkontrollerad magasinering skyddar dina m\u00f6bler och tillh\u00f6righeter mot fukt, temperaturv\u00e4xlingar och skador. Det \u00e4r s\u00e4rskilt viktigt vid l\u00e5ngtidsf\u00f6rvaring eller f\u00f6r k\u00e4nsliga f\u00f6rem\u00e5l. Med denna l\u00f6sning kan du vara s\u00e4ker p\u00e5 att dina saker bevaras i b\u00e4sta m\u00f6jliga skick.<\/p>\t\t\t\t\t\t\t\t<\/div>\n\t\t\t\t<\/div>\n\t\t\t\t<\/div>\n\t\t\t\t\t<\/details>\n\t\t\t\t\t\t<details id=\"e-n-accordion-item-2542\" class=\"e-n-accordion-item\" >\n\t\t\t\t<summary class=\"e-n-accordion-item-title\" data-accordion-index=\"3\" tabindex=\"-1\" aria-expanded=\"false\" aria-controls=\"e-n-accordion-item-2542\" >\n\t\t\t\t\t<span class='e-n-accordion-item-title-header'><div class=\"e-n-accordion-item-title-text\"> N\u00e4r \u00e4r det smart att anv\u00e4nda magasinering i G\u00e4vle? <\/div><\/span>\n\t\t\t\t\t\t\t<span class='e-n-accordion-item-title-icon'>\n\t\t\t<span class='e-opened' ><i aria-hidden=\"true\" class=\"fas fa-minus\"><\/i><\/span>\n\t\t\t<span class='e-closed'><i aria-hidden=\"true\" class=\"fas fa-plus\"><\/i><\/span>\n\t\t<\/span>\n\n\t\t\t\t\t\t<\/summary>\n\t\t\t\t<div role=\"region\" aria-labelledby=\"e-n-accordion-item-2542\" class=\"elementor-element elementor-element-1f7a370 e-con-full e-flex e-con e-child\" data-id=\"1f7a370\" data-element_type=\"container\" data-e-type=\"container\">\n\t\t\t\t<div class=\"elementor-element elementor-element-adb1dd3 elementor-widget elementor-widget-text-editor\" data-id=\"adb1dd3\" data-element_type=\"widget\" data-e-type=\"widget\" data-widget_type=\"text-editor.default\">\n\t\t\t\t<div class=\"elementor-widget-container\">\n\t\t\t\t\t\t\t\t\t<p>Magasinering \u00e4r en bra l\u00f6sning vid flytt, renovering, utlandsflytt eller n\u00e4r du beh\u00f6ver frig\u00f6ra plats hemma. Flexibla och s\u00e4kra magasineringstj\u00e4nster g\u00f6r att du tryggt kan lagra dina \u00e4godelar b\u00e5de kort- och l\u00e5ngsiktigt, anpassat efter dina behov.<\/p>\t\t\t\t\t\t\t\t<\/div>\n\t\t\t\t<\/div>\n\t\t\t\t<\/div>\n\t\t\t\t\t<\/details>\n\t\t\t\t\t\t<details id=\"e-n-accordion-item-2543\" class=\"e-n-accordion-item\" >\n\t\t\t\t<summary class=\"e-n-accordion-item-title\" data-accordion-index=\"4\" tabindex=\"-1\" aria-expanded=\"false\" aria-controls=\"e-n-accordion-item-2543\" >\n\t\t\t\t\t<span class='e-n-accordion-item-title-header'><div class=\"e-n-accordion-item-title-text\"> Hur arbetar Gefleborgs Flyttservice med h\u00e5llbarhet inom magasinering? <\/div><\/span>\n\t\t\t\t\t\t\t<span class='e-n-accordion-item-title-icon'>\n\t\t\t<span class='e-opened' ><i aria-hidden=\"true\" class=\"fas fa-minus\"><\/i><\/span>\n\t\t\t<span class='e-closed'><i aria-hidden=\"true\" class=\"fas fa-plus\"><\/i><\/span>\n\t\t<\/span>\n\n\t\t\t\t\t\t<\/summary>\n\t\t\t\t<div role=\"region\" aria-labelledby=\"e-n-accordion-item-2543\" class=\"elementor-element elementor-element-f839029 e-con-full e-flex e-con e-child\" data-id=\"f839029\" data-element_type=\"container\" data-e-type=\"container\">\n\t\t\t\t<div class=\"elementor-element elementor-element-9d17459 elementor-widget elementor-widget-text-editor\" data-id=\"9d17459\" data-element_type=\"widget\" data-e-type=\"widget\" data-widget_type=\"text-editor.default\">\n\t\t\t\t<div class=\"elementor-widget-container\">\n\t\t\t\t\t\t\t\t\t<p>F\u00f6retaget prioriterar h\u00e5llbarhet genom milj\u00f6v\u00e4nliga val och fokus p\u00e5 god arbetsmilj\u00f6. Personalen f\u00e5r l\u00f6pande utbildning och verksamheten arbetar aktivt f\u00f6r att minska milj\u00f6p\u00e5verkan. Detta gynnar b\u00e5de kunder, medarbetare och klimatet vid magasinering i G\u00e4vle.<\/p>\t\t\t\t\t\t\t\t<\/div>\n\t\t\t\t<\/div>\n\t\t\t\t<\/div>\n\t\t\t\t\t<\/details>\n\t\t\t\t\t\t<details id=\"e-n-accordion-item-2544\" class=\"e-n-accordion-item\" >\n\t\t\t\t<summary class=\"e-n-accordion-item-title\" data-accordion-index=\"5\" tabindex=\"-1\" aria-expanded=\"false\" aria-controls=\"e-n-accordion-item-2544\" >\n\t\t\t\t\t<span class='e-n-accordion-item-title-header'><div class=\"e-n-accordion-item-title-text\"> Vad b\u00f6r man t\u00e4nka p\u00e5 vid l\u00e5ngtidsmagasinering i G\u00e4vle? <\/div><\/span>\n\t\t\t\t\t\t\t<span class='e-n-accordion-item-title-icon'>\n\t\t\t<span class='e-opened' ><i aria-hidden=\"true\" class=\"fas fa-minus\"><\/i><\/span>\n\t\t\t<span class='e-closed'><i aria-hidden=\"true\" class=\"fas fa-plus\"><\/i><\/span>\n\t\t<\/span>\n\n\t\t\t\t\t\t<\/summary>\n\t\t\t\t<div role=\"region\" aria-labelledby=\"e-n-accordion-item-2544\" class=\"elementor-element elementor-element-cee6900 e-con-full e-flex e-con e-child\" data-id=\"cee6900\" data-element_type=\"container\" data-e-type=\"container\">\n\t\t\t\t<div class=\"elementor-element elementor-element-04a1e4b elementor-widget elementor-widget-text-editor\" data-id=\"04a1e4b\" data-element_type=\"widget\" data-e-type=\"widget\" data-widget_type=\"text-editor.default\">\n\t\t\t\t<div class=\"elementor-widget-container\">\n\t\t\t\t\t\t\t\t\t<p>Vid l\u00e5ngtidsf\u00f6rvaring \u00e4r det viktigt att v\u00e4lja klimatkontrollerade utrymmen och s\u00e4ker packning. M\u00e4rk alla saker tydligt och skydda dem mot damm och fukt. Utbildad personal och f\u00f6rs\u00e4kringar ger \u00f6kad trygghet f\u00f6r dina \u00e4godelar under hela magasineringstiden.<\/p>\t\t\t\t\t\t\t\t<\/div>\n\t\t\t\t<\/div>\n\t\t\t\t<\/div>\n\t\t\t\t\t<\/details>\n\t\t\t\t\t\t<details id=\"e-n-accordion-item-2545\" class=\"e-n-accordion-item\" >\n\t\t\t\t<summary class=\"e-n-accordion-item-title\" data-accordion-index=\"6\" tabindex=\"-1\" aria-expanded=\"false\" aria-controls=\"e-n-accordion-item-2545\" >\n\t\t\t\t\t<span class='e-n-accordion-item-title-header'><div class=\"e-n-accordion-item-title-text\"> Hur garanteras s\u00e4ker hantering av bohag vid magasinering i G\u00e4vle? <\/div><\/span>\n\t\t\t\t\t\t\t<span class='e-n-accordion-item-title-icon'>\n\t\t\t<span class='e-opened' ><i aria-hidden=\"true\" class=\"fas fa-minus\"><\/i><\/span>\n\t\t\t<span class='e-closed'><i aria-hidden=\"true\" class=\"fas fa-plus\"><\/i><\/span>\n\t\t<\/span>\n\n\t\t\t\t\t\t<\/summary>\n\t\t\t\t<div role=\"region\" aria-labelledby=\"e-n-accordion-item-2545\" class=\"elementor-element elementor-element-c7ad394 e-con-full e-flex e-con e-child\" data-id=\"c7ad394\" data-element_type=\"container\" data-e-type=\"container\">\n\t\t\t\t<div class=\"elementor-element elementor-element-5fc0882 elementor-widget elementor-widget-text-editor\" data-id=\"5fc0882\" data-element_type=\"widget\" data-e-type=\"widget\" data-widget_type=\"text-editor.default\">\n\t\t\t\t<div class=\"elementor-widget-container\">\n\t\t\t\t\t\t\t\t\t<p>S\u00e4ker hantering uppn\u00e5s genom att personalen \u00e4r utbildad inom packm\u00e4steri och tung hantering. S\u00e4rskilda transporter och anpassade f\u00f6rvaringsl\u00f6sningar anv\u00e4nds. Auktorisation och f\u00f6rs\u00e4kringar ger ytterligare skydd f\u00f6r bohaget under hela f\u00f6rvaringsperioden.<\/p>\t\t\t\t\t\t\t\t<\/div>\n\t\t\t\t<\/div>\n\t\t\t\t<\/div>\n\t\t\t\t\t<\/details>\n\t\t\t\t\t\t<details id=\"e-n-accordion-item-2546\" class=\"e-n-accordion-item\" >\n\t\t\t\t<summary class=\"e-n-accordion-item-title\" data-accordion-index=\"7\" tabindex=\"-1\" aria-expanded=\"false\" aria-controls=\"e-n-accordion-item-2546\" >\n\t\t\t\t\t<span class='e-n-accordion-item-title-header'><div class=\"e-n-accordion-item-title-text\"> Vilka orsaker \u00e4r vanligast till att v\u00e4lja magasinering i G\u00e4vle? <\/div><\/span>\n\t\t\t\t\t\t\t<span class='e-n-accordion-item-title-icon'>\n\t\t\t<span class='e-opened' ><i aria-hidden=\"true\" class=\"fas fa-minus\"><\/i><\/span>\n\t\t\t<span class='e-closed'><i aria-hidden=\"true\" class=\"fas fa-plus\"><\/i><\/span>\n\t\t<\/span>\n\n\t\t\t\t\t\t<\/summary>\n\t\t\t\t<div role=\"region\" aria-labelledby=\"e-n-accordion-item-2546\" class=\"elementor-element elementor-element-371c481 e-con-full e-flex e-con e-child\" data-id=\"371c481\" data-element_type=\"container\" data-e-type=\"container\">\n\t\t\t\t<div class=\"elementor-element elementor-element-65e4ada elementor-widget elementor-widget-text-editor\" data-id=\"65e4ada\" data-element_type=\"widget\" data-e-type=\"widget\" data-widget_type=\"text-editor.default\">\n\t\t\t\t<div class=\"elementor-widget-container\">\n\t\t\t\t\t\t\t\t\t<p>Flytt, renovering, utlandsarbete eller behov av extra utrymme hemma \u00e4r vanliga orsaker. Magasinering efterfr\u00e5gas ocks\u00e5 vid omstrukturering av hem eller f\u00f6retag d\u00e4r trygg och flexibel f\u00f6rvaring beh\u00f6vs under en begr\u00e4nsad tid.<\/p>\t\t\t\t\t\t\t\t<\/div>\n\t\t\t\t<\/div>\n\t\t\t\t<\/div>\n\t\t\t\t\t<\/details>\n\t\t\t\t\t\t<details id=\"e-n-accordion-item-2547\" class=\"e-n-accordion-item\" >\n\t\t\t\t<summary class=\"e-n-accordion-item-title\" data-accordion-index=\"8\" tabindex=\"-1\" aria-expanded=\"false\" aria-controls=\"e-n-accordion-item-2547\" >\n\t\t\t\t\t<span class='e-n-accordion-item-title-header'><div class=\"e-n-accordion-item-title-text\"> P\u00e5 vilka s\u00e4tt bidrar magasinering i G\u00e4vle till h\u00e5llbar och s\u00e4ker f\u00f6rvaring? <\/div><\/span>\n\t\t\t\t\t\t\t<span class='e-n-accordion-item-title-icon'>\n\t\t\t<span class='e-opened' ><i aria-hidden=\"true\" class=\"fas fa-minus\"><\/i><\/span>\n\t\t\t<span class='e-closed'><i aria-hidden=\"true\" class=\"fas fa-plus\"><\/i><\/span>\n\t\t<\/span>\n\n\t\t\t\t\t\t<\/summary>\n\t\t\t\t<div role=\"region\" aria-labelledby=\"e-n-accordion-item-2547\" class=\"elementor-element elementor-element-778768d e-con-full e-flex e-con e-child\" data-id=\"778768d\" data-element_type=\"container\" data-e-type=\"container\">\n\t\t\t\t<div class=\"elementor-element elementor-element-3aaaa81 elementor-widget elementor-widget-text-editor\" data-id=\"3aaaa81\" data-element_type=\"widget\" data-e-type=\"widget\" data-widget_type=\"text-editor.default\">\n\t\t\t\t<div class=\"elementor-widget-container\">\n\t\t\t\t\t\t\t\t\t<p>Fokus p\u00e5 h\u00e5llbarhet inneb\u00e4r anv\u00e4ndning av milj\u00f6v\u00e4nliga material, energieffektiva lokaler och en god arbetsmilj\u00f6. Kontinuerlig utbildning och noggrann hantering minskar milj\u00f6p\u00e5verkan och maximerar s\u00e4kerheten f\u00f6r kundernas \u00e4godelar.<\/p>\t\t\t\t\t\t\t\t<\/div>\n\t\t\t\t<\/div>\n\t\t\t\t<\/div>\n\t\t\t\t\t<\/details>\n\t\t\t\t\t<\/div>\n\t\t\t\t\t\t<\/div>\n\t\t\t\t<\/div>\n\t\t<div class=\"elementor-element elementor-element-f17c20d e-con-full e-grid e-con e-child\" data-id=\"f17c20d\" data-element_type=\"container\" data-e-type=\"container\">\n\t\t\t\t<div class=\"elementor-element elementor-element-61561e3 elementor-widget elementor-widget-button\" data-id=\"61561e3\" data-element_type=\"widget\" data-e-type=\"widget\" data-widget_type=\"button.default\">\n\t\t\t\t<div class=\"elementor-widget-container\">\n\t\t\t\t\t\t\t\t\t<div class=\"elementor-button-wrapper\">\n\t\t\t\t\t<a class=\"elementor-button elementor-button-link elementor-size-sm\" href=\"https:\/\/www.gefleflytt.se\/en\/magasinering\/\">\n\t\t\t\t\t\t<span class=\"elementor-button-content-wrapper\">\n\t\t\t\t\t\t\t\t\t<span class=\"elementor-button-text\">V\u00e5ra magasinstj\u00e4nster<\/span>\n\t\t\t\t\t<\/span>\n\t\t\t\t\t<\/a>\n\t\t\t\t<\/div>\n\t\t\t\t\t\t\t\t<\/div>\n\t\t\t\t<\/div>\n\t\t\t\t<div class=\"elementor-element elementor-element-75fc11c elementor-widget elementor-widget-button\" data-id=\"75fc11c\" data-element_type=\"widget\" data-e-type=\"widget\" data-widget_type=\"button.default\">\n\t\t\t\t<div class=\"elementor-widget-container\">\n\t\t\t\t\t\t\t\t\t<div class=\"elementor-button-wrapper\">\n\t\t\t\t\t<a class=\"elementor-button elementor-button-link elementor-size-sm\" href=\"https:\/\/www.gefleflytt.se\/en\/privat-offert-magasineringstjanster\/\">\n\t\t\t\t\t\t<span class=\"elementor-button-content-wrapper\">\n\t\t\t\t\t\t\t\t\t<span class=\"elementor-button-text\">Skicka in din offertf\u00f6rfr\u00e5gan till oss!<\/span>\n\t\t\t\t\t<\/span>\n\t\t\t\t\t<\/a>\n\t\t\t\t<\/div>\n\t\t\t\t\t\t\t\t<\/div>\n\t\t\t\t<\/div>\n\t\t\t\t<\/div>\n\t\t\t\t<\/div>\n\t\t\t\t\t<\/div>\n\t\t\t\t<\/div>\n\t\t<div class=\"elementor-element elementor-element-2fb7883 e-flex e-con-boxed e-con e-parent\" data-id=\"2fb7883\" data-element_type=\"container\" data-e-type=\"container\" data-settings=\"{&quot;background_background&quot;:&quot;classic&quot;}\">\n\t\t\t\t\t<div class=\"e-con-inner\">\n\t\t\t\t<div class=\"elementor-element elementor-element-0d681d8 elementor-widget elementor-widget-text-editor\" data-id=\"0d681d8\" data-element_type=\"widget\" data-e-type=\"widget\" data-widget_type=\"text-editor.default\">\n\t\t\t\t<div class=\"elementor-widget-container\">\n\t\t\t\t\t\t\t\t\t<div class='subnavigation-wrapper' style='display: flex;justify-content: space-evenly;flex-wrap: wrap;padding: 24px;gap: 24px;'><a href='https:\/\/www.gefleflytt.se\/en\/forrad-gavle\/' >F\u00f6rr\u00e5d g\u00e4vle<\/a><a href='https:\/\/www.gefleflytt.se\/en\/flyttstadning-offert\/' >Flyttst\u00e4dning offert<\/a><a href='https:\/\/www.gefleflytt.se\/en\/pianoflytt-gavle\/' >Pianoflytt g\u00e4vle<\/a><a href='https:\/\/www.gefleflytt.se\/en\/offert-flyttfirma\/' >Offert flyttfirma<\/a><a href='https:\/\/www.gefleflytt.se\/en\/flyttfirma-gavle\/' >Flyttfirma g\u00e4vle<\/a><a href='https:\/\/www.gefleflytt.se\/en\/atervinning-gavle\/' >\u00e5tervinning g\u00e4vle<\/a><a href='https:\/\/www.gefleflytt.se\/en\/flytthjalp-gavle\/' >Flytthj\u00e4lp g\u00e4vle<\/a><a href='https:\/\/www.gefleflytt.se\/en\/flyttkartonger-gavle\/' >Flyttkartonger g\u00e4vle<\/a><a href='https:\/\/www.gefleflytt.se\/en\/flyttstad-gavle\/' >Flyttst\u00e4d g\u00e4vle<\/a><\/div>\t\t\t\t\t\t\t\t<\/div>\n\t\t\t\t<\/div>\n\t\t\t\t\t<\/div>\n\t\t\t\t<\/div>\n\t\t\t\t<\/div>","protected":false},"excerpt":{"rendered":"<p>Trygg och s\u00e4ker magasinering i G\u00e4vle f\u00f6r alla behov. Magasinering i G\u00e4vle med Gefleborgs Flyttservice N\u00e4r du st\u00e5r inf\u00f6r en flytt eller beh\u00f6ver extra utrymme f\u00f6r dina \u00e4godelar kan magasinering vara den perfekta l\u00f6sningen. Hos Gefleborgs Flyttservice erbjuder vi trygg och s\u00e4ker magasinering i G\u00e4vle, anpassad efter dina behov. Vi garanterar att dina tillh\u00f6righeter hanteras [&hellip;]<\/p>\n","protected":false},"author":4,"featured_media":0,"parent":0,"menu_order":0,"comment_status":"closed","ping_status":"closed","template":"","meta":{"_monsterinsights_skip_tracking":false,"_monsterinsights_sitenote_active":false,"_monsterinsights_sitenote_note":"","_monsterinsights_sitenote_category":0,"footnotes":""},"class_list":["post-3853","page","type-page","status-publish","hentry"],"_links":{"self":[{"href":"https:\/\/www.gefleflytt.se\/en\/wp-json\/wp\/v2\/pages\/3853","targetHints":{"allow":["GET"]}}],"collection":[{"href":"https:\/\/www.gefleflytt.se\/en\/wp-json\/wp\/v2\/pages"}],"about":[{"href":"https:\/\/www.gefleflytt.se\/en\/wp-json\/wp\/v2\/types\/page"}],"author":[{"embeddable":true,"href":"https:\/\/www.gefleflytt.se\/en\/wp-json\/wp\/v2\/users\/4"}],"replies":[{"embeddable":true,"href":"https:\/\/www.gefleflytt.se\/en\/wp-json\/wp\/v2\/comments?post=3853"}],"version-history":[{"count":81,"href":"https:\/\/www.gefleflytt.se\/en\/wp-json\/wp\/v2\/pages\/3853\/revisions"}],"predecessor-version":[{"id":5654,"href":"https:\/\/www.gefleflytt.se\/en\/wp-json\/wp\/v2\/pages\/3853\/revisions\/5654"}],"wp:attachment":[{"href":"https:\/\/www.gefleflytt.se\/en\/wp-json\/wp\/v2\/media?parent=3853"}],"curies":[{"name":"wp","href":"https:\/\/api.w.org\/{rel}","templated":true}]}}