{"id":1371,"date":"2023-01-05T11:00:45","date_gmt":"2023-01-05T10:00:45","guid":{"rendered":"https:\/\/www.gefleflytt.se\/?post_type=product&#038;p=1371"},"modified":"2025-03-24T15:42:06","modified_gmt":"2025-03-24T14:42:06","slug":"ministrackfilm","status":"publish","type":"product","link":"https:\/\/www.gefleflytt.se\/en\/product\/ministrackfilm\/","title":{"rendered":"Ministr\u00e4ckfilm"},"content":{"rendered":"<p>Ministr\u00e4ckfilm \u00e4r perfekt f\u00f6r inplasning av luckor och d\u00f6rrad f\u00f6r att h\u00e5lla dessa p\u00e5 plats vid flytt, otympliga f\u00f6rem\u00e5l s\u00e5 som gardinst\u00e4nger, krattor och spadar. Ger inget avtryck p\u00e5 m\u00f6beln och l\u00e4tt att ta bort.<\/p>","protected":false},"excerpt":{"rendered":"<p>Ministr\u00e4ckfilm \u00e4r perfekt f\u00f6r inplasning av luckor och d\u00f6rrad f\u00f6r att h\u00e5lla dessa p\u00e5 plats vid flytt, otympliga f\u00f6rem\u00e5l s\u00e5 som gardinst\u00e4nger, krattor och spadar. Ger inget avtryck p\u00e5 m\u00f6beln och l\u00e4tt att ta bort.<\/p>","protected":false},"featured_media":1358,"comment_status":"closed","ping_status":"closed","template":"","meta":{"_monsterinsights_skip_tracking":false,"_monsterinsights_sitenote_active":false,"_monsterinsights_sitenote_note":"","_monsterinsights_sitenote_category":0},"product_brand":[],"product_cat":[25],"product_tag":[],"class_list":{"0":"post-1371","1":"product","2":"type-product","3":"status-publish","4":"has-post-thumbnail","6":"product_cat-tillbehor","8":"first","9":"instock","10":"taxable","11":"shipping-taxable","12":"purchasable","13":"product-type-simple"},"_links":{"self":[{"href":"https:\/\/www.gefleflytt.se\/en\/wp-json\/wp\/v2\/product\/1371","targetHints":{"allow":["GET"]}}],"collection":[{"href":"https:\/\/www.gefleflytt.se\/en\/wp-json\/wp\/v2\/product"}],"about":[{"href":"https:\/\/www.gefleflytt.se\/en\/wp-json\/wp\/v2\/types\/product"}],"replies":[{"embeddable":true,"href":"https:\/\/www.gefleflytt.se\/en\/wp-json\/wp\/v2\/comments?post=1371"}],"wp:featuredmedia":[{"embeddable":true,"href":"https:\/\/www.gefleflytt.se\/en\/wp-json\/wp\/v2\/media\/1358"}],"wp:attachment":[{"href":"https:\/\/www.gefleflytt.se\/en\/wp-json\/wp\/v2\/media?parent=1371"}],"wp:term":[{"taxonomy":"product_brand","embeddable":true,"href":"https:\/\/www.gefleflytt.se\/en\/wp-json\/wp\/v2\/product_brand?post=1371"},{"taxonomy":"product_cat","embeddable":true,"href":"https:\/\/www.gefleflytt.se\/en\/wp-json\/wp\/v2\/product_cat?post=1371"},{"taxonomy":"product_tag","embeddable":true,"href":"https:\/\/www.gefleflytt.se\/en\/wp-json\/wp\/v2\/product_tag?post=1371"}],"curies":[{"name":"wp","href":"https:\/\/api.w.org\/{rel}","templated":true}]}}